{"id":9662,"date":"2019-03-23T18:21:29","date_gmt":"2019-03-23T16:21:29","guid":{"rendered":"https:\/\/electricsun.de\/shop\/elektromos-kandallo-feher-paula-nagy-electricsun\/"},"modified":"2026-05-31T18:24:00","modified_gmt":"2026-05-31T16:24:00","slug":"elektromos-kandallo-feher-paula-nagy-electricsun","status":"publish","type":"product","link":"https:\/\/electricsun.de\/hu\/shop\/elektromos-kandallo-feher-paula-nagy-electricsun\/","title":{"rendered":"Elektromos kandall\u00f3, Paula feh\u00e9r, ElectricSun, Nagy, hanghat\u00e1ssal, 10 sz\u00edn, telefonos alkalmaz\u00e1ssal, SZ150xM46x31cm"},"content":{"rendered":"<p>Modern \u00e9s innovat\u00edv, az <strong>ElectricSun Paula Feh\u00e9r elektromos kandall\u00f3 <\/strong> v\u00e1s\u00e1rl\u00f3ink kedvenc modellje.<br \/>\nA f\u00e9nyes feh\u00e9r k\u00f6peny kecses vonalai elb\u0171v\u00f6l\u0151en kontrasztban az enyh\u00e9n rusztikus oldallapokkal, eleganci\u00e1t \u00e9s kifinomults\u00e1got k\u00f6lcs\u00f6n\u00f6znek a kandall\u00f3nak.<\/p>\n","protected":false},"excerpt":{"rendered":"<h2>Elektromos kandall\u00f3 feh\u00e9r Paula Nagy ElectricSun el\u0151nyei:<\/h2>\n<ul>\n<li>Robusztus,<strong>150 x H 46 x 31 cm-es kialak\u00edt\u00e1sa <\/strong>eleg\u00e1ns megjelen\u00e9st k\u00f6lcs\u00f6n\u00f6z otthona, irod\u00e1ja vagy nyaral\u00f3ja b\u00e1rmely pontj\u00e1nak. \u00c9lvezze a meghitt kandall\u00f3\u00e9lm\u00e9nyt az \u00e9v minden napj\u00e1n!<\/li>\n<li>Falra szerelhet\u0151 kialak\u00edt\u00e1s;<\/li>\n<li>Gyorsan \u00e9s egyszer\u0171en be\u00fczemelhet\u0151, \u00f6sszeszerelve sz\u00e1ll\u00edtjuk;<\/li>\n<li>A pr\u00e9mium min\u0151s\u00e9g\u0171, feh\u00e9r sz\u00edn\u0171 MDF kandall\u00f3keret, a h\u00e1tt\u00e9rvil\u00e1g\u00edt\u00e1s \u00e9s a k\u00e9toldalas dekor\u00e1ci\u00f3s lemezek garant\u00e1lj\u00e1k a magas min\u0151s\u00e9g\u0171, modern, hangulatos megjelen\u00e9st;<\/li>\n<li>Alak\u00edtsa ki saj\u00e1t st\u00edlus\u00e1nak megfelel\u0151en kandall\u00f3ja megjelen\u00e9s\u00e9t: <strong>A kandall\u00f3hoz 2 f\u00e9le d\u00edsz\u00edt\u0151 elem is j\u00e1r<\/strong>: A gallyak \u00e9s k\u00f6vek tetsz\u00e9s szerint haszn\u00e1lhat\u00f3ak;<\/li>\n<li>Meghitt hangulatot teremt\u0151, realisztikus l\u00e1nghat\u00e1ssal;<\/li>\n<li>A 10 Watt-os LED l\u00e1ng a h\u0151kibocs\u00e1t\u00e1st\u00f3l f\u00fcggetlen\u00fcl m\u0171k\u00f6dik, f\u0171t\u00e9ssel vagy an\u00e9lk\u00fcl;<\/li>\n<li>\u00c1ll\u00edthat\u00f3, 5 szint\u0171 f\u00e9nyer\u0151ss\u00e9ggel \u00e9s 10 k\u00fcl\u00f6nb\u00f6z\u0151 sz\u00ednbe\u00e1ll\u00edt\u00e1ssal;<\/li>\n<\/ul>\n<h6><img class=\"alignleft size-full wp-image-22195\" title=\"Elektromos kandall\u00f3, PAULA, ElectricSun\" src=https:\/\/electricsun.de\/wp-content\/uploads\/2024\/03\/application.svg alt=\"Elektromos kandall\u00f3, PAULA, ElectricSun\" width=\"40\" height=\"40\" \/>Mobilalkalmaz\u00e1ssal rendelkezik: TUYA <img class=\"alignnone size-full wp-image-22195\" src=https:\/\/electricsun.de\/wp-content\/uploads\/2024\/04\/tuya-app.png alt=\"Elektromos kandall\u00f3, PAULA, ElectricSun\" width=\"30px\" \/>vagy Smart Life <img class=\"alignnone size-full wp-image-22195\" src=https:\/\/electricsun.de\/wp-content\/uploads\/2024\/04\/Smart-Life.png alt=\"\" width=\"30px\" \/><\/h6>\n<p>A kandall\u00f3 be\u00e9p\u00edtett Wi-Fi modullal rendelkezik, amely az otthoni \u00fatv\u00e1laszt\u00f3n kereszt\u00fcl csatlakozik az Internethez, majd okostelefonr\u00f3l vagy t\u00e1blag\u00e9pr\u0151l vez\u00e9relhet\u0151.<\/p>\n<h6><img decoding=\"async\" class=\"alignleft wp-image-3856 size-thumbnail\" title=\"Elektromos kandall\u00f3 feh\u00e9r Paula Nagy ElectricSun\" src=\"https:\/\/electricsun.de\/wp-content\/uploads\/2022\/05\/sunet.svg\" alt=\"Elektromos kandall\u00f3 feh\u00e9r Paula Nagy ElectricSun\" width=\"40\" height=\"40\" \/>Be\u00e9p\u00edtett hanghat\u00e1ssal:<\/h6>\n<p>\u00c9lje \u00e1t a pattog\u00f3 r\u00f6nk\u00f6k \u00e9s a t\u0171zropog\u00e1s megnyugtat\u00f3 hangulat\u00e1t a be\u00e9p\u00edtett hanghat\u00e1ssal, ak\u00e1r f\u0171t\u00e9s n\u00e9lk\u00fcl.<\/p>\n<h6><img decoding=\"async\" class=\"alignleft\" title=\"Elektromos kandall\u00f3 feh\u00e9r Paula Nagy ElectricSun\" src=\"https:\/\/electricsun.de\/wp-content\/uploads\/2022\/05\/led.svg\" alt=\"Elektromos kandall\u00f3 feh\u00e9r Paula Nagy ElectricSun\" width=\"40\" height=\"40\" \/><\/a>LED technol\u00f3gia \u2013 alacsony, 10 W-os fogyaszt\u00e1ssal:<\/h6>\n<p>Minden ElectricSun elektromos kandall\u00f3 3D LED technol\u00f3gi\u00e1val rendelkezik.<\/p>\n<h6><img loading=\"lazy\" decoding=\"async\" class=\"alignleft\" title=\"Elektromos kandall\u00f3 feh\u00e9r Paula Nagy ElectricSun\" src=\"https:\/\/electricsun.de\/wp-content\/uploads\/2022\/05\/afisaj.svg\" alt=\"Elektromos kandall\u00f3 feh\u00e9r Paula Nagy ElectricSun\" width=\"40\" height=\"40\" \/>K\u00f6nny\u0171 vez\u00e9relhet\u0151s\u00e9g:<\/h6>\n<p>Ir\u00e1ny\u00edtsa k\u00e9nyelmesen a mell\u00e9kelt hordozhat\u00f3 t\u00e1vir\u00e1ny\u00edt\u00f3 seg\u00edts\u00e9g\u00e9vel, vagy k\u00f6zvetlen\u00fcl a be\u00e9p\u00edtett kezel\u0151panel seg\u00edts\u00e9g\u00e9vel.<\/p>\n<h6><img loading=\"lazy\" decoding=\"async\" class=\"alignleft\" title=\"Elektromos kandall\u00f3 feh\u00e9r Paula Nagy ElectricSun\" src=\"https:\/\/electricsun.de\/wp-content\/uploads\/2022\/05\/incalzire-termostat.svg\" alt=\"Elektromos kandall\u00f3 feh\u00e9r Paula Nagy ElectricSun\" width=\"40\" height=\"40\" \/>\u00c1ll\u00edthat\u00f3 f\u0171t\u00e9ser\u0151:<\/h6>\n<p>Szab\u00e1lyozza a h\u0151m\u00e9rs\u00e9kletet egyszer\u0171en! A kandall\u00f3 f\u0171t\u00e9ssel vagy an\u00e9l\u00fcl is haszn\u00e1lhat\u00f3.<\/p>\n<h6><img loading=\"lazy\" decoding=\"async\" class=\"alignleft wp-image-3143\" title=\"Elektromos kandall\u00f3 feh\u00e9r Paula Nagy ElectricSun\" src=\"https:\/\/electricsun.de\/wp-content\/uploads\/2022\/05\/efect-flacara.svg\" alt=\"Elektromos kandall\u00f3 feh\u00e9r Paula Nagy ElectricSun\" width=\"40\" height=\"40\" \/>\u00c9leth\u0171 l\u00e1nghat\u00e1ssal:<\/h6>\n<p>A t\u00f6k\u00e9letes, nyugodt hangulat megteremt\u00e9s\u00e9hez.<\/p>\n<h6><img loading=\"lazy\" decoding=\"async\" class=\"alignleft\" title=\"Elektromos kandall\u00f3 feh\u00e9r Paula Nagy ElectricSun\" src=\"https:\/\/electricsun.de\/wp-content\/uploads\/2022\/05\/luminozitate.svg\" alt=\"Elektromos kandall\u00f3 feh\u00e9r Paula Nagy ElectricSun\" width=\"40\" height=\"40\" \/>\u00c1ll\u00edthat\u00f3 f\u00e9nyer\u0151:<\/h6>\n<p>Szab\u00e1lyozhat\u00f3 l\u00e1ngintenzit\u00e1s 5 k\u00fcl\u00f6nb\u00f6z\u0151 be\u00e1ll\u00edt\u00e1sban, lehet\u0151v\u00e9 t\u00e9ve a t\u00f6k\u00e9letes f\u00e9nyer\u0151-be\u00e1ll\u00edt\u00e1st a k\u00f6rnyezet \u00e9s az \u00d6n ig\u00e9nyeinek megfelel\u0151en!<\/p>\n<h6><img loading=\"lazy\" decoding=\"async\" class=\"alignleft\" title=\"Elektromos kandall\u00f3 feh\u00e9r Paula Nagy ElectricSun\" src=\"https:\/\/electricsun.de\/wp-content\/uploads\/2022\/05\/speedometer.svg\" alt=\"Elektromos kandall\u00f3 feh\u00e9r Paula Nagy ElectricSun\" width=\"40\" height=\"40\" \/>Sebess\u00e9g<\/h6>\n<p>A l\u00e1ngnak \u00e9leth\u0171 sebess\u00e9ge van.<\/p>\n<h6><img loading=\"lazy\" decoding=\"async\" class=\"alignleft\" title=\"Elektromos kandall\u00f3 feh\u00e9r Paula Nagy ElectricSun\" src=\"https:\/\/electricsun.de\/wp-content\/uploads\/2022\/05\/lamp.svg\" alt=\"Elektromos kandall\u00f3 feh\u00e9r Paula Nagy ElectricSun\" width=\"40\" height=\"40\" \/>K\u00f6rnyezeti f\u00e9ny<\/h6>\n<p>A l\u00e1gy h\u00e1tt\u00e9rvil\u00e1g\u00edt\u00e1s meghitt hangulatot \u00e1raszt.<\/p>\n<h6><img loading=\"lazy\" decoding=\"async\" class=\"alignleft\" title=\"Elektromos kandall\u00f3 feh\u00e9r Paula Nagy ElectricSun\" src=\"https:\/\/electricsun.de\/wp-content\/uploads\/2022\/05\/telecomanda.svg\" alt=\"Elektromos kandall\u00f3 feh\u00e9r Paula Nagy ElectricSun\" width=\"40\" height=\"40\" \/> T\u00e1vir\u00e1ny\u00edt\u00f3<\/h6>\n<p>A funkci\u00f3k k\u00e9nyelmes vez\u00e9rl\u00e9se \u00e9rdek\u00e9ben.<\/p>\n","protected":false},"featured_media":15864,"comment_status":"open","ping_status":"closed","template":"","meta":{"footnotes":""},"product_brand":[],"product_cat":[4856],"product_tag":[],"class_list":["post-9662","product","type-product","status-publish","has-post-thumbnail","product_cat-elektromos-kandallo","first","instock","taxable","shipping-taxable","purchasable","product-type-simple"],"tiered_pricing_type":"fixed","tiered_pricing_fixed_rules":[],"tiered_pricing_product_settings":{"layout":"default","base_unit_name":{"singular":null,"plural":null},"default_variation":null},"tiered_pricing_minimum_quantity":null,"tiered_pricing_roles_data":[],"tiered_pricing_percentage_rules":[],"_links":{"self":[{"href":"https:\/\/electricsun.de\/hu\/wp-json\/wp\/v2\/product\/9662","targetHints":{"allow":["GET"]}}],"collection":[{"href":"https:\/\/electricsun.de\/hu\/wp-json\/wp\/v2\/product"}],"about":[{"href":"https:\/\/electricsun.de\/hu\/wp-json\/wp\/v2\/types\/product"}],"replies":[{"embeddable":true,"href":"https:\/\/electricsun.de\/hu\/wp-json\/wp\/v2\/comments?post=9662"}],"version-history":[{"count":0,"href":"https:\/\/electricsun.de\/hu\/wp-json\/wp\/v2\/product\/9662\/revisions"}],"wp:featuredmedia":[{"embeddable":true,"href":"https:\/\/electricsun.de\/hu\/wp-json\/wp\/v2\/media\/15864"}],"wp:attachment":[{"href":"https:\/\/electricsun.de\/hu\/wp-json\/wp\/v2\/media?parent=9662"}],"wp:term":[{"taxonomy":"product_brand","embeddable":true,"href":"https:\/\/electricsun.de\/hu\/wp-json\/wp\/v2\/product_brand?post=9662"},{"taxonomy":"product_cat","embeddable":true,"href":"https:\/\/electricsun.de\/hu\/wp-json\/wp\/v2\/product_cat?post=9662"},{"taxonomy":"product_tag","embeddable":true,"href":"https:\/\/electricsun.de\/hu\/wp-json\/wp\/v2\/product_tag?post=9662"}],"curies":[{"name":"wp","href":"https:\/\/api.w.org\/{rel}","templated":true}]}}