{"id":35375,"date":"2023-05-31T12:40:27","date_gmt":"2023-05-31T10:40:27","guid":{"rendered":"https:\/\/electricsun.de\/?post_type=product&#038;p=35375"},"modified":"2025-10-30T11:00:37","modified_gmt":"2025-10-30T09:00:37","slug":"harom-oldalas-elektromos-kandallo-electricsun-vista-kicsi","status":"publish","type":"product","link":"https:\/\/electricsun.de\/hu\/shop\/harom-oldalas-elektromos-kandallo-electricsun-vista-kicsi\/","title":{"rendered":"H\u00e1rom oldalas elektromos kandall\u00f3, ElectricSun VISTA kicsi, falra szerelhet\u0151, szabadon \u00e1ll\u00f3 vagy be\u00e9p\u00edthet\u0151 kivitelez\u00e9ssel, hanghat\u00e1ssal, 7 sz\u00edn, SZ108xM50cm"},"content":{"rendered":"","protected":false},"excerpt":{"rendered":"<h2>A H\u00e1rom oldalas elektromos kandall\u00f3, ElectricSun VISTA kicsi el\u0151nyei:<\/h2>\n<ul>\n<li>Pr\u00e9mium min\u0151s\u00e9g 3 \u00e1tl\u00e1tsz\u00f3 \u00fcvegoldallal;<\/li>\n<li>Falba vagy b\u00fatorba be\u00e1gyazhat\u00f3 (4 be\u00e1gyaz\u00e1si lehet\u0151s\u00e9g: h\u00e1rom \u00fcvegoldal, bal + el\u00fcls\u0151 oldal l\u00e1that\u00f3, jobb + el\u00fcls\u0151 oldal l\u00e1that\u00f3 vagy csak el\u00fcls\u0151 oldal l\u00e1that\u00f3),<br \/>\nfalra szerelt<br \/>\nszabadon \u00e1ll\u00f3;<\/li>\n<li>A TV al\u00e1 szerelhet\u0151, a h\u0151t el\u0151re f\u00fajja, nem felfel\u00e9;<\/li>\n<li>St\u00edlusos, modern kandall\u00f3 leny\u0171g\u00f6z\u0151 kialak\u00edt\u00e1ssal, f\u00fcst, korom \u00e9s val\u00f3di t\u0171z n\u00e9lk\u00fcl. Az \u00fcvegb\u0151l k\u00e9sz\u00fclt ElectricSun VISTA sokoldal\u00fa k\u00fclseje t\u00f6k\u00e9letesen passzol a lak\u00e1sa, irod\u00e1ja vagy ak\u00e1r nyaral\u00f3ja b\u00e1rmelyik helyis\u00e9g\u00e9be;<\/li>\n<li>Gyorsan \u00e9s egyszer\u0171en be\u00fczemelhet\u0151, \u00f6sszeszerelve sz\u00e1ll\u00edtjuk;<\/li>\n<li>M\u00e9retek: 43 h\u00fcvelyk, teljes hossz\u00fas\u00e1g 108 x ma 50 x m\u00e9ly 26 cm;<\/li>\n<li>Alak\u00edtsa ki saj\u00e1t st\u00edlus\u00e1nak megfelel\u0151en kandall\u00f3ja megjelen\u00e9s\u00e9t! <strong>A kandall\u00f3hoz 2 f\u00e9le d\u00edsz\u00edt\u0151elem is j\u00e1r.<\/strong>Az \u00fcvegkrist\u00e1lyok, feh\u00e9r k\u00f6vek \u00e9s \u00e1gak tetsz\u00e9s szerint haszn\u00e1lhat\u00f3ak dekor\u00e1ci\u00f3k\u00e9nt;<\/li>\n<li>A lemeznek amelyen a d\u00edsz\u00edt\u0151elem \u00e1llnak 2 oldala van: csillog\u00f3 \u00e9s fekete, tetsz\u00e9s szerint haszn\u00e1lhat\u00f3;<\/li>\n<li>Meghitt hangulatot teremt\u0151, realisztikus l\u00e1nghat\u00e1ssal;<\/li>\n<li>A 10 Watt-os LED l\u00e1ng a h\u0151kibocs\u00e1t\u00e1st\u00f3l f\u00fcggetlen\u00fcl m\u0171k\u00f6dik, f\u0171t\u00e9ssel vagy an\u00e9lk\u00fcl;<\/li>\n<li>\u00c1ll\u00edthat\u00f3, 5 szint\u0171 f\u00e9nyer\u0151ss\u00e9ggel \u00e9s 10 k\u00fcl\u00f6nb\u00f6z\u0151 sz\u00ednbe\u00e1ll\u00edt\u00e1ssal (s\u00e1rga, piros, k\u00e9k, z\u00f6ld, piros+k\u00e9k, piros+z\u00f6ld, s\u00e1rga+k\u00e9k, s\u00e1rga+z\u00f6ld, k\u00e9k+z\u00f6ld, piros+s\u00e1rga);<\/li>\n<li>K\u00f6rnyezeti f\u00e9ny 7 sz\u00ednben: z\u00f6ld, k\u00e9k, piros, t\u00fcrkiz, b\u00edbor, s\u00e1rga, feh\u00e9r;<\/li>\n<\/ul>\n<h6><img decoding=\"async\" class=\"alignleft wp-image-3856 size-thumbnail\" title=\"H\u00e1rom oldalas elektromos kandall\u00f3, ElectricSun VISTA kicsi\" src=\"https:\/\/electricsun.de\/wp-content\/uploads\/2022\/05\/sunet.svg\" alt=\"H\u00e1rom oldalas elektromos kandall\u00f3, ElectricSun VISTA kicsi\" width=\"40\" height=\"40\" \/>Be\u00e9p\u00edtett hanghat\u00e1ssal:<\/h6>\n<p>\u00c9lje \u00e1t a pattog\u00f3 r\u00f6nk\u00f6k \u00e9s a t\u0171zropog\u00e1s megnyugtat\u00f3 hangulat\u00e1t az 5 k\u00fcl\u00f6nb\u00f6z\u0151 hanghat\u00e1ssal, ak\u00e1r f\u0171t\u00e9s n\u00e9lk\u00fcl!<\/p>\n<h6><img decoding=\"async\" class=\"alignleft\" title=\"H\u00e1rom oldalas elektromos kandall\u00f3, ElectricSun VISTA kicsi\" src=\"https:\/\/electricsun.de\/wp-content\/uploads\/2022\/05\/led.svg\" alt=\"H\u00e1rom oldalas elektromos kandall\u00f3, ElectricSun VISTA kicsi\" width=\"40\" height=\"40\" \/><\/a>LED technol\u00f3gia \u2013 alacsony, 10 W-os fogyaszt\u00e1ssal:<\/h6>\n<p>Minden ElectricSun elektromos kandall\u00f3 3D LED technol\u00f3gi\u00e1val rendelkezik.<\/p>\n<h6><img decoding=\"async\" class=\"alignleft\" title=\"H\u00e1rom oldalas elektromos kandall\u00f3, ElectricSun VISTA kicsi\" src=\"https:\/\/electricsun.de\/wp-content\/uploads\/2022\/05\/afisaj.svg\" alt=\"H\u00e1rom oldalas elektromos kandall\u00f3, ElectricSun VISTA kicsi\" width=\"40\" height=\"40\" \/>K\u00f6nny\u0171 vez\u00e9relhet\u0151s\u00e9g:<\/h6>\n<p>Ir\u00e1ny\u00edtsa k\u00e9nyelmesen a mell\u00e9kelt hordozhat\u00f3 t\u00e1vir\u00e1ny\u00edt\u00f3 seg\u00edts\u00e9g\u00e9vel, vagy k\u00f6zvetlen\u00fcl a be\u00e9p\u00edtett kezel\u0151panel seg\u00edts\u00e9g\u00e9vel.<\/p>\n<h6><img loading=\"lazy\" decoding=\"async\" class=\"alignleft\" title=\"H\u00e1rom oldalas elektromos kandall\u00f3, ElectricSun VISTA kicsi\" src=\"https:\/\/electricsun.de\/wp-content\/uploads\/2022\/05\/incalzire-termostat.svg\" alt=\"H\u00e1rom oldalas elektromos kandall\u00f3, ElectricSun VISTA kicsi\" width=\"40\" height=\"40\" \/>\u00c1ll\u00edthat\u00f3 f\u0171t\u00e9ser\u0151:<\/h6>\n<p>Szab\u00e1lyozza a h\u0151m\u00e9rs\u00e9kletet egyszer\u0171en! A kandall\u00f3 f\u0171t\u00e9ssel vagy an\u00e9lk\u00fcl is haszn\u00e1lhat\u00f3.<\/p>\n<h6><img loading=\"lazy\" decoding=\"async\" class=\"alignleft wp-image-3143\" title=\"H\u00e1rom oldalas elektromos kandall\u00f3, ElectricSun VISTA kicsi\" src=\"https:\/\/electricsun.de\/wp-content\/uploads\/2022\/05\/efect-flacara.svg\" alt=\"H\u00e1rom oldalas elektromos kandall\u00f3, ElectricSun VISTA kicsi\" width=\"40\" height=\"40\" \/>\u00c9leth\u0171 l\u00e1nghat\u00e1ssal:<\/h6>\n<p>A t\u00f6k\u00e9letes, nyugodt hangulat megteremt\u00e9s\u00e9hez.<\/p>\n<h6><img loading=\"lazy\" decoding=\"async\" class=\"alignleft\" title=\"H\u00e1rom oldalas elektromos kandall\u00f3, ElectricSun VISTA kicsi\" src=\"https:\/\/electricsun.de\/wp-content\/uploads\/2022\/05\/luminozitate.svg\" alt=\"H\u00e1rom oldalas elektromos kandall\u00f3, ElectricSun VISTA kicsi\" width=\"40\" height=\"40\" \/>\u00c1ll\u00edthat\u00f3 f\u00e9nyer\u0151:<\/h6>\n<p>Szab\u00e1lyozhat\u00f3 l\u00e1ngintenzit\u00e1s 5 k\u00fcl\u00f6nb\u00f6z\u0151 be\u00e1ll\u00edt\u00e1sban, lehet\u0151v\u00e9 t\u00e9ve a t\u00f6k\u00e9letes f\u00e9nyer\u0151-be\u00e1ll\u00edt\u00e1st a k\u00f6rnyezet \u00e9s az \u00d6n ig\u00e9nyeinek megfelel\u0151en!<\/p>\n<h6><img loading=\"lazy\" decoding=\"async\" class=\"alignleft\" title=\"H\u00e1rom oldalas elektromos kandall\u00f3, ElectricSun VISTA kicsi\" src=\"https:\/\/electricsun.de\/wp-content\/uploads\/2022\/05\/speedometer.svg\" alt=\"H\u00e1rom oldalas elektromos kandall\u00f3, ElectricSun VISTA kicsi\" width=\"40\" height=\"40\" \/>Sebess\u00e9g<\/h6>\n<p>A l\u00e1ngnak \u00e9leth\u0171 sebess\u00e9ge van.<\/p>\n<h6><img loading=\"lazy\" decoding=\"async\" class=\"alignleft\" title=\"H\u00e1rom oldalas elektromos kandall\u00f3, ElectricSun VISTA kicsi\" src=\"https:\/\/electricsun.de\/wp-content\/uploads\/2022\/05\/telecomanda.svg\" alt=\"H\u00e1rom oldalas elektromos kandall\u00f3, ElectricSun VISTA kicsi\" width=\"40\" height=\"40\" \/>T\u00e1vir\u00e1ny\u00edt\u00f3<\/h6>\n<p>A funkci\u00f3k k\u00e9nyelmes vez\u00e9rl\u00e9se \u00e9rdek\u00e9ben.<\/p>\n","protected":false},"featured_media":41095,"comment_status":"open","ping_status":"closed","template":"","meta":{"footnotes":""},"product_brand":[],"product_cat":[4859,4856],"product_tag":[],"class_list":["post-35375","product","type-product","status-publish","has-post-thumbnail","product_cat-beepitheto-elektromos-kandallo","product_cat-elektromos-kandallo","first","outofstock","taxable","shipping-taxable","purchasable","product-type-simple"],"tiered_pricing_type":"fixed","tiered_pricing_fixed_rules":[],"tiered_pricing_product_settings":{"layout":"default","base_unit_name":{"singular":null,"plural":null},"default_variation":null},"tiered_pricing_minimum_quantity":null,"tiered_pricing_roles_data":[],"tiered_pricing_percentage_rules":[],"_links":{"self":[{"href":"https:\/\/electricsun.de\/hu\/wp-json\/wp\/v2\/product\/35375","targetHints":{"allow":["GET"]}}],"collection":[{"href":"https:\/\/electricsun.de\/hu\/wp-json\/wp\/v2\/product"}],"about":[{"href":"https:\/\/electricsun.de\/hu\/wp-json\/wp\/v2\/types\/product"}],"replies":[{"embeddable":true,"href":"https:\/\/electricsun.de\/hu\/wp-json\/wp\/v2\/comments?post=35375"}],"version-history":[{"count":0,"href":"https:\/\/electricsun.de\/hu\/wp-json\/wp\/v2\/product\/35375\/revisions"}],"wp:featuredmedia":[{"embeddable":true,"href":"https:\/\/electricsun.de\/hu\/wp-json\/wp\/v2\/media\/41095"}],"wp:attachment":[{"href":"https:\/\/electricsun.de\/hu\/wp-json\/wp\/v2\/media?parent=35375"}],"wp:term":[{"taxonomy":"product_brand","embeddable":true,"href":"https:\/\/electricsun.de\/hu\/wp-json\/wp\/v2\/product_brand?post=35375"},{"taxonomy":"product_cat","embeddable":true,"href":"https:\/\/electricsun.de\/hu\/wp-json\/wp\/v2\/product_cat?post=35375"},{"taxonomy":"product_tag","embeddable":true,"href":"https:\/\/electricsun.de\/hu\/wp-json\/wp\/v2\/product_tag?post=35375"}],"curies":[{"name":"wp","href":"https:\/\/api.w.org\/{rel}","templated":true}]}}