{"id":20909,"date":"2022-04-13T13:17:02","date_gmt":"2022-04-13T10:17:02","guid":{"rendered":"https:\/\/electricsun.de\/altalanos-felhasznalasi-feltetelek\/"},"modified":"2022-08-23T20:23:05","modified_gmt":"2022-08-23T17:23:05","slug":"altalanos-felhasznalasi-feltetelek","status":"publish","type":"page","link":"https:\/\/electricsun.de\/hu\/altalanos-felhasznalasi-feltetelek\/","title":{"rendered":"\u00c1ltal\u00e1nos felhaszn\u00e1l\u00e1si felt\u00e9telek"},"content":{"rendered":"\t\t<div data-elementor-type=\"wp-page\" data-elementor-id=\"20909\" class=\"elementor elementor-20909 elementor-24\" data-elementor-post-type=\"page\">\n\t\t\t\t\t\t<section class=\"xts-negative-gap elementor-section elementor-top-section elementor-element elementor-element-008951d elementor-section-boxed elementor-section-height-default elementor-section-height-default xts-section-disabled\" data-id=\"008951d\" data-element_type=\"section\" data-e-type=\"section\" data-settings=\"{&quot;background_background&quot;:&quot;classic&quot;}\">\n\t\t\t\t\t\t<div class=\"elementor-container elementor-column-gap-default\">\n\t\t\t\t\t<div class=\"elementor-column elementor-col-100 elementor-top-column elementor-element elementor-element-56c95d3\" data-id=\"56c95d3\" data-element_type=\"column\" data-e-type=\"column\">\n\t\t\t<div class=\"elementor-widget-wrap elementor-element-populated\">\n\t\t\t\t\t\t<div class=\"elementor-element elementor-element-b95a4ad descfix xts-width-100 elementor-widget elementor-widget-xts_title\" data-id=\"b95a4ad\" data-element_type=\"widget\" data-e-type=\"widget\" data-widget_type=\"xts_title.default\">\n\t\t\t\t<div class=\"elementor-widget-container\">\n\t\t\t\t\t\t\t\t<div class=\"xts-section-heading xts-reset-mb-10 xts-reset-last xts-textalign-left\" data-animation-delay=\"\">\n\t\t\t\t\n\t\t\t\t\n\t\t\t\t\n\t\t\t\t\t\t\t\t\t<div class=\"xts-section-desc xts-textcolor-custom\">\n\t\t\t\t\t\t<div class=\"xts-section-desc-text xts-reset-all-last\" data-elementor-setting-key=\"description\">\n\t\t\t\t\t\t\t<h1>I. \u00c1ltal\u00e1nos felhaszn\u00e1l\u00e1si felt\u00e9telek<\/h1><p style=\"text-align: justify;\"><strong><a href=\"https:\/\/electricsun.de\/hu\/altalanos-felhasznalasi-feltetelek\/#orders\">II. \u00c1ltal\u00e1nos \u00e9rt\u00e9kes\u00edt\u00e9si felt\u00e9telek: megrendel\u00e9sek, sz\u00e1ll\u00edt\u00e1sok, kifizet\u00e9sek stb.<\/a><\/strong><\/p><p style=\"text-align: justify;\"><strong><a href=\"https:\/\/electricsun.de\/hu\/altalanos-felhasznalasi-feltetelek\/#GDPR\">III. Szem\u00e9lyes adatok v\u00e9delme<\/a><\/strong><\/p><p style=\"text-align: justify;\"><strong><a href=\"https:\/\/electricsun.de\/hu\/altalanos-felhasznalasi-feltetelek\/#cookie\">IV. Cookiek (s\u00fctik) haszn\u00e1lat\u00e1nak szab\u00e1lyzata<\/a><\/strong><\/p><p>\u00a0<\/p><p><strong>1. V\u00c9GLEGES ELEMEK<\/strong><\/p><p>Az \u00e1ltal\u00e1nos szerz\u0151d\u00e9si felt\u00e9telek az ELECTRICSUN SRL \u00e1ltal a vev\u0151nek www.ElectricSun.de virtu\u00e1lis \u00e1ruh\u00e1zon kereszt\u00fcl t\u00f6rt\u00e9n\u0151 minden \u00e1ru- \u00e9s szolg\u00e1ltat\u00e1s\u00e9rt\u00e9kes\u00edt\u00e9sre vonatkoznak, \u00e9s csak mindk\u00e9t f\u00e9l kifejezett \u00edr\u00e1sbeli hozz\u00e1j\u00e1rul\u00e1s\u00e1val m\u00f3dos\u00edthat\u00f3k. \u00cdgy a k\u00f6vetkez\u0151 kifejez\u00e9sek azt jelentik:<\/p><p>\u00a0<\/p><p>Vev\u0151 \u2013 a rendel\u00e9st kiad\u00f3 szem\u00e9ly, v\u00e1llalat, v\u00e1llalat vagy m\u00e1s jogi szem\u00e9ly.<\/p><p>Elad\u00f3 - kereskedelmi v\u00e1llalat ELECTRICSUN SRL,<\/p><p>C\u00e9gjegyz\u00e9k nyilv\u00e1ntart\u00e1si sz\u00e1m: J02\/858\/02.12.2010, Egyedi regisztr\u00e1ci\u00f3s k\u00f3d (ad\u00f3sz\u00e1m): RO27769953,<\/p><p>Sz\u00e9khelye: Arad, utca Gorunului, No.12, Ir\u00e1ny\u00edt\u00f3sz\u00e1m 310212, Rom\u00e1nia,<\/p><p>Munkaprogram: h\u00e9tf\u0151t\u0151l p\u00e9ntekig, 10.00 - 17.00 (sz\u00fcnet 13 \u2013 14)<\/p><p>Telefonsz\u00e1m: 004 0720 607 111 ; +4 0257 457 395 E-mail:office[at]electricsun.de<\/p><p>A felt\u00fcntetett \u00e1rak (EUR, GBP, RON, HUF, BGN, PLN) \u00e9s tartalmazz\u00e1k \u00c1F\u00c1-t 27%.<\/p><p>A kedvezm\u00e9nyek a h\u00f3nap v\u00e9g\u00e9ig \u00e9rv\u00e9nyesek, de a rendelkez\u00e9sre \u00e1ll\u00f3 k\u00e9szlethat\u00e1ron bel\u00fcl vannak.<\/p><p>Az \u00e1r a term\u00e9kek tartalmazza a k\u00f6lts\u00e9g z\u00f6ld b\u00e9lyegz\u0151, kapcsol\u00f3d\u00f3 gy\u0171jt\u00e9se, kezel\u00e9se \u00e9s \u00e1rtalmatlan\u00edt\u00e1sa AZ ELS\u0150 \u00e9s a vagyoni term\u00e9kek, No. RO-EEE-2871-2022-07-27.<\/p><p>\u00a0<\/p><p>\u00c1ruk \u00e9s szolg\u00e1ltat\u00e1sok - b\u00e1rmely term\u00e9k vagy szolg\u00e1ltat\u00e1s, bele\u00e9rtve a Megrendel\u00e9sben eml\u00edtett dokumentumokat \u00e9s szolg\u00e1ltat\u00e1sokat, amelyeket az Elad\u00f3, a Vev\u0151 ny\u00fajt. Megrendel\u00e9s - egy elektronikus dokumentum, amely az elad\u00f3 \u00e9s a Vev\u0151 k\u00f6z\u00f6tti kommunik\u00e1ci\u00f3 egyik form\u00e1jak\u00e9nt avatkozik be, amely szerint az elad\u00f3 v\u00e1llalja, hogy \u00e1rut \u00e9s szolg\u00e1ltat\u00e1st sz\u00e1ll\u00edt, \u00e9s a Vev\u0151 beleegyezik, hogy megkapja ezeket az \u00c1rukat \u00e9s Szolg\u00e1ltat\u00e1sokat, \u00e9s fizet nekik. Szerz\u0151d\u00e9s - az Elad\u00f3 \u00e1ltal visszaigazolt megrendel\u00e9s. Szellemi tulajdonjogok (az al\u00e1bbiak szerint szellemi tulajdonjogok) - minden immateri\u00e1lis jog, mint p\u00e9ld\u00e1ul a know-how, a szerz\u0151i jog \u00e9s a szerz\u0151i jog, az adatb\u00e1zis-jogok, a formatervez\u00e9si mintajogok, a mintajogok, a szabadalmak, a bejegyzett v\u00e9djegyek \u00e9s a domain n\u00e9v bejegyz\u00e9se a fentiek b\u00e1rmelyik\u00e9hez. M\u0171szaki adatok - az \u00e1ruk \u00e9s szolg\u00e1ltat\u00e1sok minden specifik\u00e1ci\u00f3ja \u00e9s\/vagy le\u00edr\u00e1sa a Megrendel\u00e9sben meghat\u00e1rozottak szerint.<\/p><p>\u00a0<\/p><p style=\"text-align: justify;\"><strong>2. SZERZ\u0150D\u00c9SES DOKUMENTUMOK<\/strong><\/p><p style=\"text-align: justify;\">Az\u00e1ltal, hogy elektronikus megrendel\u00e9st ad le a fent eml\u00edtett weboldalon, a Vev\u0151 elfogadja a kommunik\u00e1ci\u00f3 form\u00e1j\u00e1t (e-mailben), amelyen kereszt\u00fcl az Elad\u00f3 v\u00e9gzi m\u0171k\u00f6d\u00e9s\u00e9t. A megrendel\u00e9s a k\u00f6vetkez\u0151 dokumentumokb\u00f3l \u00e1ll, fontoss\u00e1gi sorrendben: A. Megrendel\u00e9s (a sz\u00e1ll\u00edt\u00e1si \u00e9s sz\u00e1ml\u00e1z\u00e1si d\u00e1tumokra vonatkoz\u00f3 egy\u00e9rtelm\u0171 kimutat\u00e1sokkal egy\u00fctt) \u00e9s annak egyedi felt\u00e9telei B. Vev\u0151i specifik\u00e1ci\u00f3k (adott esetben) C. \u00c1ltal\u00e1nos szerz\u0151d\u00e9si felt\u00e9telek Ha az Elad\u00f3 meger\u0151s\u00edti a megrendel\u00e9st, ez a Megrendel\u00e9s felt\u00e9teleinek teljes elfogad\u00e1s\u00e1t jelenti. A megrendel\u00e9s Elad\u00f3 \u00e1ltali elfogad\u00e1sa akkor tekinthet\u0151 teljes\u00edtettnek, ha az Elad\u00f3 elektronikus visszaigazol\u00e1st (e-mailt) k\u00fcld a Vev\u0151nek, an\u00e9lk\u00fcl, hogy az Elad\u00f3t\u00f3l nyugt\u00e1t kellene ig\u00e9nyelnie. Az Elad\u00f3 nem veszi figyelembe a meg nem er\u0151s\u00edtett megrendel\u00e9st, hogy a Szerz\u0151d\u00e9s \u00e9rt\u00e9ke legyen. Ez a meg\u00e1llapod\u00e1s akkor l\u00e9p hat\u00e1lyba, amikor az Elad\u00f3 visszaigazol\u00e1st ad a Megrendel\u00e9snek. A visszaigazol\u00e1s elektronikus \u00faton t\u00f6rt\u00e9nik (e-mail). Az \u00edgy megk\u00f6t\u00f6tt szerz\u0151d\u00e9s alapj\u00e1t az \u00e1ltal\u00e1nos \u00e9rt\u00e9kes\u00edt\u00e9si felt\u00e9telek k\u00e9pezik, tov\u00e1bb\u00e1 ezek az Elad\u00f3 vagy annak sz\u00e1ll\u00edt\u00f3ja \u00e1ltal kibocs\u00e1tott garanciaigazol\u00e1s.<\/p><p>\u00a0<\/p><p style=\"text-align: justify;\"><strong>3. Az elad\u00f3 k\u00f6telezetts\u00e9geinek m\u00e9rt\u00e9ke<\/strong><\/p><p style=\"text-align: justify;\">A. Az Elad\u00f3 szakmai \u00e9s m\u0171szaki ismereteit a Megrendel\u00e9sben meghat\u00e1rozott eredm\u00e9ny el\u00e9r\u00e9s\u00e9re haszn\u00e1lja fel, \u00e9s azokat az \u00c1rukat \u00e9s Szolg\u00e1ltat\u00e1sokat ny\u00fajtja, amelyek megfelelnek a Vev\u0151 k\u00f6vetelm\u00e9nyeinek, ig\u00e9nyeinek \u00e9s specifik\u00e1ci\u00f3inak; B. Az elad\u00f3 weboldalain felt\u00fcntetett inform\u00e1ci\u00f3k t\u00e1j\u00e9koztat\u00f3 jelleg\u0171ek, \u00e9s az Elad\u00f3 el\u0151zetes \u00e9rtes\u00edt\u00e9s n\u00e9lk\u00fcl m\u00f3dos\u00edthat\u00f3. Tov\u00e1bb\u00e1, a t\u00e9rrel \u00e9s az inform\u00e1ci\u00f3s strukt\u00fara konzisztenci\u00e1j\u00e1val kapcsolatos okok miatt a term\u00e9kle\u00edr\u00e1sok hi\u00e1nyosak lehetnek, de az elad\u00f3 er\u0151fesz\u00edt\u00e9seket tesz a legfontosabb inform\u00e1ci\u00f3k bemutat\u00e1s\u00e1ra, hogy a term\u00e9ket azon param\u00e9tereken bel\u00fcl haszn\u00e1lj\u00e1k, amelyekre a term\u00e9ket megv\u00e1s\u00e1rolt\u00e1k; C. Kommunik\u00e1ci\u00f3 az \u00fczlettel - lehet tenni k\u00f6lcs\u00f6nhat\u00e1sban \u00e1ll vele, kik\u00fcldet\u00e9s v\u00e9lem\u00e9nyek term\u00e9kek vagy kommunik\u00e1ci\u00f3 r\u00e9v\u00e9n eml\u00edtett c\u00edmek a \"kapcsolat\" r\u00e9szben. Ezeket kiz\u00e1rjuk az oldalr\u00f3l, vagy figyelmen k\u00edv\u00fcl hagyjuk, v\u00e9lem\u00e9nyeket vagy megjegyz\u00e9seket tartalmaz\u00f3 s\u00e9rt\u00e9sek vagy nem megfelel\u0151 nyelven. Az elad\u00f3 szabadon kezelheti a kapott inform\u00e1ci\u00f3kat an\u00e9lk\u00fcl, hogy azt meg kellene indokolnia.<\/p><p>\u00a0<\/p><p style=\"text-align: justify;\"><strong>4. Szerz\u0151d\u00e9sk\u00f6t\u00e9s \u00e9s alv\u00e1llalkoz\u00e1sba ad\u00e1s<\/strong><\/p><p style=\"text-align: justify;\">Az elad\u00f3 a vev\u0151 hozz\u00e1j\u00e1rul\u00e1sa n\u00e9lk\u00fcl a megrendel\u00e9s teljes\u00edt\u00e9s\u00e9vel kapcsolatos szolg\u00e1ltat\u00e1sok\u00e9rt \u00e9s\/vagy alv\u00e1llalkoz\u00e1sba adhatja harmadik felet. Az Elad\u00f3 mindig felel\u0151s a Vev\u0151 minden szerz\u0151d\u00e9ses k\u00f6telezetts\u00e9g\u00e9rt.<\/p><p>\u00a0<\/p><p style=\"text-align: justify;\"><strong>5<\/strong><strong style=\"font-size: 16px; color: var( --e-global-color-text );\">. INTELECTAT \u00c9S IPARI TULAJDONJOG (DPI)<\/strong><\/p><p style=\"text-align: justify;\"><span style=\"font-size: 16px; color: var( --e-global-color-text );\">A Vev\u0151 tudom\u00e1sul veszi a szellemi tulajdonjogot, \u00e9s nem adja \u00e1t harmadik f\u00e9lnek, illetve nem hozza nyilv\u00e1noss\u00e1gra (az interneten vagy a m\u00e9di\u00e1ban) az Elad\u00f3t\u00f3l kapott inform\u00e1ci\u00f3kat. Tov\u00e1bb\u00e1, a n\u00e9v az oldal, valamint a grafikus jel\u00f6l\u00e9sek v\u00e9djegyek bejegyzett tulajdon\u00e1ban ELECTRICSUN SRL, TAGU SRL vagy ENERGY KOREA INC. \u00e9s nem lehet \u00e1tvenni, m\u00e1solni vagy haszn\u00e1lni \u00edr\u00e1sbeli hozz\u00e1j\u00e1rul\u00e1sa n\u00e9lk\u00fcl a tulajdonos.<\/span><\/p><p>\u00a0<\/p><p style=\"text-align: justify;\"><strong>6. MAGABIZTOSS\u00c1G - NYILV\u00c1NOSS\u00c1G <\/strong><\/p><p style=\"text-align: justify;\">A Vev\u0151 \u00e1ltal az Elad\u00f3nak megadott b\u00e1rmilyen inform\u00e1ci\u00f3 az Elad\u00f3 tulajdona marad. Ezeket csak a szerz\u0151d\u00e9s teljes\u00edt\u00e9s\u00e9re lehet felhaszn\u00e1lni, \u00e9s csak az Elad\u00f3 \u00edr\u00e1sos hozz\u00e1j\u00e1rul\u00e1s\u00e1val \u00e9s a c\u00edmzett t\u0151l\u00fck sz\u00e1rmaz\u00f3 titoktart\u00e1si k\u00f6telezetts\u00e9g megszerz\u00e9s\u00e9t k\u00f6vet\u0151en lehet ismertt\u00e9 tenni. A Vev\u0151 az Elad\u00f3 el\u0151zetes \u00edr\u00e1sbeli hozz\u00e1j\u00e1rul\u00e1sa n\u00e9lk\u00fcl nem nyilatkozhat nyilv\u00e1nos nyilatkozatot, prom\u00f3ci\u00f3t, sajt\u00f3k\u00f6zlem\u00e9nyt vagy m\u00e1s, harmadik f\u00e9lnek t\u00f6rt\u00e9n\u0151 k\u00f6zz\u00e9t\u00e9telre vonatkoz\u00f3 eszk\u00f6zt. Az \u00fcgyf\u00e9ladatok nem haszn\u00e1lhat\u00f3k fel \u00e9s nem adhat\u00f3k meg m\u00e1s feleknek. Az\u00e1ltal, hogy inform\u00e1ci\u00f3kat vagy anyagokat tov\u00e1bb\u00edt ezen a weboldalon kereszt\u00fcl, \u00f6n korl\u00e1tlan \u00e9s visszavonhatatlan hozz\u00e1f\u00e9r\u00e9st biztos\u00edt az Elad\u00f3sz\u00e1m\u00e1ra, jogot biztos\u00edt ezen anyagok vagy inform\u00e1ci\u00f3k felhaszn\u00e1l\u00e1s\u00e1ra, sokszoros\u00edt\u00e1s\u00e1ra, megjelen\u00edt\u00e9s\u00e9re, m\u00f3dos\u00edt\u00e1s\u00e1ra, tov\u00e1bb\u00edt\u00e1s\u00e1ra \u00e9s terjeszt\u00e9s\u00e9re. \u00d6n azt is elfogadja, hogy az Elad\u00f3 szabadon haszn\u00e1lhatja, a saj\u00e1t jav\u00e1ra, ezeket az \u00f6tleteket, fogalmakat, know-how-t vagy technik\u00e1kat, amelyeket \u00f6n k\u00fcld\u00f6tt nek\u00fcnk a www.ElectricSun.de weboldalon kereszt\u00fcl. Az ElectricSun-ra nem vonatkoznak az elk\u00fcld\u00f6tt inform\u00e1ci\u00f3k titkoss\u00e1g\u00e1val kapcsolatos k\u00f6telezetts\u00e9gek, kiv\u00e9ve, ha a hat\u00e1lyos jogszab\u00e1lyok tov\u00e1bbi el\u0151\u00edr\u00e1sokat \u00edrnak el\u0151. A szem\u00e9lyes adatok v\u00e9delm\u00e9re vonatkoz\u00f3 jogi felt\u00e9telek mellett az Elad\u00f3 enged\u00e9ly n\u00e9lk\u00fcl nem hoz nyilv\u00e1noss\u00e1gra semmilyen inform\u00e1ci\u00f3t a Vev\u0151vel kapcsolatban. Kifejezett \u00e9s egy\u00e9rtelm\u0171 hozz\u00e1j\u00e1rul\u00e1s alapj\u00e1n, \u00e9s csak a hat\u00e1lyos jogszab\u00e1lyok keretein bel\u00fcl, annak \u00e9rdek\u00e9ben, hogy az \u00d6n k\u00e9r\u00e9seire \u00faj term\u00e9kek\/szolg\u00e1ltat\u00e1sok ny\u00fajt\u00e1s\u00e1val v\u00e1laszoljon, lehet\u0151s\u00e9g van ilyen inform\u00e1ci\u00f3k harmadik feleknek (pl. marketingszolg\u00e1ltat\u00f3knak, m\u00e1s szolg\u00e1ltat\u00f3knak; \u00e1llami, korm\u00e1nyzati szerveknek, ha azt a jogszab\u00e1lyok el\u0151\u00edrj\u00e1k; m\u00e1s v\u00e1llalatok, amelyekkel k\u00f6z\u00f6s programokat fejleszthet\u00fcnk term\u00e9keink \u00e9s szolg\u00e1ltat\u00e1saink piaci k\u00edn\u00e1lat\u00e1ra).<\/p><p>\u00a0<\/p><p>\u00a0<\/p><p style=\"text-align: justify;\"><strong>7. A sz\u00e1ll\u00edt\u00e1sok felt\u00e9telei<\/strong><\/p><p style=\"text-align: justify;\">A sz\u00e1ll\u00edt\u00e1si hat\u00e1rid\u0151 az \u00e1r kifizet\u00e9s\u00e9nek visszaigazol\u00e1s\u00e1t\u00f3l sz\u00e1m\u00edtott 3\u20137 munkanap, a megrendel\u00e9sek napja, a szombat \u00e9s a vas\u00e1rnap, valamint a t\u00f6rv\u00e9nyes \u00fcnnepnapok nem ker\u00fclnek kisz\u00e1m\u00edt\u00e1sra. Kiv\u00e9telek is t\u00f6rt\u00e9ntek az \u00fcnnepek (szabads\u00e1g), \u00fcnnepek bejelentette a kapcsolat oldal\u00e1n a honlap alatt a program c\u00edmsz\u00f3 alatt. Ha a Megrendel\u00e9s sz\u00e1ll\u00edt\u00e1si \u00e9s\/vagy indul\u00e1si hat\u00e1rideje nem teljes\u00edthet\u0151, az Elad\u00f3 k\u00f6teles \u00e9rtes\u00edteni a Vev\u0151t a becs\u00fclt sz\u00e1ll\u00edt\u00e1si hat\u00e1rid\u0151r\u0151l. A Vev\u0151 nek jog\u00e1ban \u00e1ll tov\u00e1bbi k\u00e1rokat k\u00f6vetelni az Elad\u00f3t\u00f3l, amennyiben azt t\u00f6rv\u00e9ny megengedi, amennyiben az Elad\u00f3 teljes vagy r\u00e9szleges nem teljes\u00edti a Szerz\u0151d\u00e9s teljes\u00edt\u00e9s\u00e9t a meghat\u00e1rozott hat\u00e1rid\u0151n bel\u00fcl. A sz\u00e1ll\u00edt\u00e1sok \u00e1ra 20 \u00e9s 200 EUR k\u00f6z\u00f6tt van, de \u00f6n a FREE LIVING prom\u00f3ci\u00f3el\u0151nyeit \u00e9lvezi, a prom\u00f3ci\u00f3 csak a term\u00e9kek elfogad\u00e1sa eset\u00e9n \u00e9rv\u00e9nyes, \u00e9s nem visszak\u00fcld\u00e9s eset\u00e9n. Ha az Elad\u00f3 helytelen t\u00e1j\u00e9koztat\u00e1st kap a term\u00e9kek sz\u00e1ml\u00e1z\u00e1s\u00e1r\u00f3l vagy sz\u00e1ll\u00edt\u00e1s\u00e1r\u00f3l, \u00faj hat\u00e1rid\u0151t \u00e1llap\u00edtunk meg a megrendel\u00e9sre, amely 3 munkanapon bel\u00fcl lesz.<\/p><p>\u00a0<\/p><p style=\"text-align: justify;\"><strong>8. T\u00c9NYSZER\u0170S\u00c9G \u2013 KIFIZET\u00c9SEK<\/strong><\/p><p style=\"text-align: justify;\">Az Elad\u00f3 sz\u00e1ml\u00e1t \u00e1ll\u00edt ki a Vev\u0151 nek a sz\u00e1ll\u00edtand\u00f3 \u00c1rukr\u00f3l \u00e9s Szolg\u00e1ltat\u00e1sokr\u00f3l, a Vev\u0151 k\u00f6telezetts\u00e9ge az, hogy minden sz\u00fcks\u00e9ges inform\u00e1ci\u00f3t megadjon a sz\u00e1mla ki\u00e1ll\u00edt\u00e1s\u00e1hoz \u00e9s az \u00e1r megfizet\u00e9s\u00e9hez.<\/p><p>\u00a0<\/p><p style=\"text-align: justify;\">8.1.1 <strong>Online fizet\u00e9s bankk\u00e1rty\u00e1val<\/strong> kereszt\u00fcl t\u00f6rt\u00e9nik a 3D-Secure e-kereskedelmi szolg\u00e1ltat\u00e1s, akkor 100 tranzakci\u00f3 biztons\u00e1g seg\u00edts\u00e9g\u00e9vel SSL-EV (SSL Extended Validation) tan\u00fas\u00edtv\u00e1ny, amely biztos\u00edtja a titkos\u00edt\u00e1st az inform\u00e1ci\u00f3csere az \u00fcgyf\u00e9l b\u00f6ng\u00e9sz\u0151je egyidej\u0171leg a PCI-DSS hiteles\u00edt\u00e9s \u00e9s tan\u00fas\u00edt\u00e1s a EuPlatesc.ro, biztos\u00edtja az informatikai megfelel\u00e9s az online cashing megold\u00e1s a biztons\u00e1gi k\u00f6vetelm\u00e9nyek \u00e1ltal el\u0151\u00edrt nemzetk\u00f6zi k\u00e1rtya szervezetek az\u00e1ltal, PCI-DSS tan\u00fas\u00edt\u00e1s EuPlatesc.ro biztos\u00edtja a napi szkennel\u00e9s ellen sebezhet\u0151s\u00e9g \u00e1ltal v\u00e9gzett McAfee \u00e9s havi penetr\u00e1ci\u00f3s vizsg\u00e1latok \u00e1ltal v\u00e9gzett TrustWave, nulla jutal\u00e9kot a vev\u0151 sz\u00e1m\u00e1ra. Az ingyenes sz\u00e1ll\u00edt\u00e1s ig\u00e9nybev\u00e9tel\u00e9hez a minim\u00e1lis rendel\u00e9snek 100 eur\u00f3n\u00e1l nagyobb \u00e1fa-t kell jennie. Az \u00e1rat, a fizet\u00e9si m\u00f3dot \u00e9s a fizet\u00e9si hat\u00e1rid\u0151t a Rendel\u00e9s is meghat\u00e1rozza.<\/p><p>\u00a0<\/p><p>8.2. <strong>Banki \u00e1tutal\u00e1ssal t\u00f6rt\u00e9n\u0151 fizet\u00e9s - Fizet\u00e9si megb\u00edz\u00e1s<\/strong> a k\u00f6vetkez\u0151 banksz\u00e1ml\u00e1k egyik\u00e9n: IBAN-sz\u00e1mla eur\u00f3ban: RO42BTRL00204202C37106XX; a Banca Transilvania, SWIFT: BTRLRO22 IBAN sz\u00e1mla huf-ban: RO02BTRLHUFCRT00C3710601; a Banca Transilvania, SWIFT: BTRLRO22<\/p><p>\u00a0<\/p><p>8.3. <strong>Kisz\u00e1ll\u00edt\u00e1skor t\u00f6rt\u00e9n\u0151 fizet\u00e9s - Visszat\u00e9r\u00edt\u00e9sek - K\u00e9szp\u00e9nz<\/strong>, a Deleg\u00e1lt-k\u00e9zbes\u00edt\u0151 c\u00e9gnek, a TNT-nek vagy a DPD-nek ker\u00fcl kifizet\u00e9sre.<\/p><p>\u00a0<\/p><p style=\"text-align: justify;\"><strong>9. KOCK\u00c1ZATOK \u00c9S FELEL\u0150SS\u00c9GI K\u00d6R\u00d6K<\/strong><\/p><p style=\"text-align: justify;\">A. Sz\u00e1ll\u00edt\u00e1s Az Elad\u00f3 v\u00e1llalja, hogy az \u00e1rukat \u00e9s szolg\u00e1ltat\u00e1sokat h\u00e1zt\u00f3l-h\u00e1zig fut\u00e1rrendszerben sz\u00e1ll\u00edtja a Vev\u0151nek, a DPD, a TNT, a TCE vagy m\u00e1s fut\u00e1rc\u00e9g. B. Fogad\u00e1s A fut\u00e1rt\u00f3l val\u00f3 \u00e1tv\u00e9telkor, ha a csomag (doboz) s\u00e9r\u00fclt, akkor k\u00e9peket kell k\u00e9sz\u00edtenie, \u00e9s a fut\u00e1rnak jelent\u00e9st kell tennie a k\u00e1rr\u00f3l (a sz\u00e1ll\u00edt\u00f3 pda-ban van, abban a k\u00e9sz\u00fcl\u00e9kben, amellyel m\u0171k\u00f6dik), ha k\u00e1rjelent\u00e9s n\u00e9lk\u00fcl elfogadja, az elad\u00f3 m\u00e1r nem felel\u0151s a kock\u00e1zatok\u00e9rt vagy k\u00e1rok\u00e9rt. A fut\u00e1rt\u00f3l val\u00f3 \u00e1tv\u00e9telkor, ha a csomag (doboz) s\u00e9r\u00fclt, \u00e9s a csomag kisz\u00e1ll\u00edt\u00e1skor t\u00f6rt\u00e9n\u0151 megnyit\u00e1s\u00e1val j\u00e1r, \u00e9s \u00d6n elfogadja azt k\u00e9pek \u00e9s k\u00e1rjelent\u00e9s n\u00e9lk\u00fcl (a k\u00e9zbes\u00edt\u0151 pda-ban, abban a k\u00e9sz\u00fcl\u00e9kben, amellyel m\u0171k\u00f6dik), az elad\u00f3 m\u00e1r nem felel\u0151s a kock\u00e1zatok\u00e9rt vagy k\u00e1rok\u00e9rt. C. Sz\u00e1ll\u00edt\u00e1s - Csomagol\u00e1s Kiv\u00e9ve, ha az Elad\u00f3 \u00e9s a Vev\u0151 m\u00e1sk\u00e9nt \u00e1llapodik meg, az Elad\u00f3 v\u00e1llalja az \u00c1rukkal \u00e9s Szolg\u00e1ltat\u00e1sokkal kapcsolatos kock\u00e1zatokat \u00e9s k\u00f6telezetts\u00e9geket, amikor \u00e1tadja azokat annak a bels\u0151 vagy k\u00fcls\u0151 fut\u00e1rc\u00e9gnek, amellyel az Elad\u00f3 egy\u00fcttm\u0171k\u00f6dik. Az Elad\u00f3 az \u00c1rukkal \u00e9s Szolg\u00e1ltat\u00e1sokkal kapcsolatos kock\u00e1zatokat \u00e9s k\u00f6telezetts\u00e9geket teljes\u00edti annak a bels\u0151 vagy k\u00fcls\u0151 fut\u00e1rc\u00e9gnek t\u00f6rt\u00e9n\u0151 \u00e1tad\u00e1suk id\u0151pontj\u00e1ban, amellyel a Vev\u0151 egy\u00fcttm\u0171k\u00f6dik, vagy a Vev\u0151 k\u00e9pvisel\u0151j\u00e9nek. Az elad\u00f3 biztos\u00edtja az \u00c1ruk \u00e9s Szolg\u00e1ltat\u00e1sok megfelel\u0151 csomagol\u00e1s\u00e1t, \u00e9s biztos\u00edtja a k\u00eds\u00e9r\u0151 dokumentumok tov\u00e1bb\u00edt\u00e1s\u00e1t. Az elad\u00f3 sz\u00e1ll\u00edt \u00e1ruk \u00e9s szolg\u00e1ltat\u00e1sok b\u00e1rmely ter\u00fcleten, telep\u00fcl\u00e9s Rom\u00e1ni\u00e1ban.<\/p><p>\u00a0<\/p><p style=\"text-align: justify;\"><strong>10. ELFOGAD\u00c1S VAGY VISSZAT\u00c9R\u00c9S<\/strong><\/p><p style=\"text-align: justify;\">Az elfogad\u00e1s akkor t\u00f6rt\u00e9nik meg, amikor az \u00c1ruk \u00e9s szolg\u00e1ltat\u00e1sok megfelelnek a Megrendel\u00e9sben eml\u00edtett m\u0171szaki jellemz\u0151knek. Ha a Vev\u0151 felfedezi, hogy a sz\u00e1ll\u00edtott Term\u00e9kek vagy a ny\u00fajtott Szolg\u00e1ltat\u00e1sok nem felelnek meg a m\u0171szaki el\u0151\u00edr\u00e1soknak, akkor az Elad\u00f3 a Term\u00e9keket \u00e9s a Szolg\u00e1ltat\u00e1sokat megfelel\u0151en hozza l\u00e9tre. Tov\u00e1bb\u00e1, a www.ElectricSun.de (ElectricSun SRL) \u00e1ltal a 34\/2014-es OUG-sz\u00e1m szerint \u00e9rt\u00e9kes\u00edtett \u00e9s sz\u00e1ll\u00edtott term\u00e9kek eset\u00e9ben a vev\u0151 egy\u00e9ni el\u0151ny\u00f6ket \u00e9lvez az \u00faj term\u00e9kek visszak\u00fcld\u00e9s\u00e9b\u0151l, amelyeket a term\u00e9kek k\u00e9zhezv\u00e9tel\u00e9t\u0151l sz\u00e1m\u00edtott 14 napt\u00e1ri napon bel\u00fcl nem haszn\u00e1lnak fel, viselve a sz\u00e1ll\u00edt\u00e1s k\u00f6lts\u00e9geit \u00e9s a term\u00e9k elad\u00f3hoz val\u00f3 visszasz\u00e1ll\u00edt\u00e1s\u00e1nak k\u00f6lts\u00e9geit \u00e9s a banki jutal\u00e9kok k\u00f6lts\u00e9geit.<\/p><p>Ha az \u00c1ru t\u00e9rt vissza olyan \u00e1llapotban, ahol m\u00e1r nem lehet \u00e9rt\u00e9kes\u00edteni, mint az \u00faj (nyitott csomagol\u00e1s, hi\u00e1nyz\u00f3 tartoz\u00e9kok, az \u00c1ru s\u00e9r\u00fclt), fenntartjuk a jogot, hogy d\u00edjat k\u00f6veteljen, hogy visszat\u00e9rjen az \u00c1ru az eredeti szakaszban, az esett\u0151l f\u00fcggetlen\u00fcl, vagy hogy fedezze az \u00e1rk\u00fcl\u00f6nbs\u00e9g \u00e9rt\u00e9kes\u00edt\u00e9s\u00e9b\u0151l sz\u00e1rmaz\u00f3 term\u00e9k visszaz\u00e1rt vagy , a Vev\u0151 k\u00e9r\u00e9s\u00e9re, mi lesz \u00fajra haj\u00f3 a J\u00f3, a sz\u00e1ll\u00edt\u00e1si k\u00f6lts\u00e9geket viseli a Vev\u0151.<\/p><p style=\"text-align: justify;\">Az elad\u00f3 (visszat\u00e9r\u00edti a p\u00e9nzt) az \u00e1ru rakt\u00e1rba \u00e9rkez\u00e9s\u00e9t k\u00f6vet\u0151 legfeljebb 7 napon bel\u00fcl fizet a vev\u0151nek a vev\u0151nek a vev\u0151 \u00e1ltal meghat\u00e1rozott banksz\u00e1ml\u00e1n.<\/p><p>\u00a0<\/p><p style=\"text-align: justify;\"><strong>11. GARANTIES<\/strong><\/p><p style=\"text-align: justify;\">Minden term\u00e9k \u00e1ltal forgalmazott www.ElectricSun.de honlapj\u00e1n, r\u00e9szes\u00fclnek j\u00f3t\u00e1ll\u00e1si felt\u00e9telek nek megfelel\u0151en hat\u00e1lyos jogszab\u00e1lyok \u00e9s a kereskedelmi politika a gy\u00e1rt\u00f3k. A term\u00e9kek \u00fajak, a megfelel\u0151 csomagol\u00e1sban, \u00e9s az egyes gy\u00e1rt\u00f3k \u00e1ltal enged\u00e9lyezett forr\u00e1sokb\u00f3l sz\u00e1rmaznak. A www.ElectricSun.de \u00e9rt\u00e9kes\u00edtett \u00e9s sz\u00e1ll\u00edtott term\u00e9kek eset\u00e9ben a j\u00f3t\u00e1ll\u00e1si tan\u00fas\u00edtv\u00e1nyokat vagy k\u00f6zvetlen\u00fcl a gy\u00e1rt\u00f3 bocs\u00e1tja ki, ha nemzeti szolg\u00e1ltat\u00f3 h\u00e1l\u00f3zattal rendelkezik, vagy azokat a www.ElectricSun.de (ElectricSun SRL) bocs\u00e1tja ki. A www.ElectricSun.de (ElectricSun SRL) \u00e1ltal ki\u00e1ll\u00edtott j\u00f3t\u00e1ll\u00e1si tan\u00fas\u00edtv\u00e1nyok eset\u00e9ben a \"Pick-up &amp; Return\" szolg\u00e1ltat\u00e1s mag\u00e1ban foglalja a term\u00e9kek \u00e1tv\u00e9tel\u00e9t \u00e9s kisz\u00e1ll\u00edt\u00e1s\u00e1t a j\u00f3t\u00e1ll\u00e1si tan\u00fas\u00edtv\u00e1nyban meghat\u00e1rozott felt\u00e9telek mellett. A forgalmaz\u00f3partnereinkt\u0151l v\u00e1s\u00e1rolt term\u00e9kek eset\u00e9ben a garanci\u00e1lis garanci\u00e1lis garanci\u00e1lis garanci\u00e1lis garanci\u00e1lis garanci\u00e1lis tan\u00fas\u00edtv\u00e1nyt minden olyan szervizre vonatkoz\u00f3 garancialev\u00e9lre vonatkoz\u00f3an megkapja, amely biztos\u00edtja a garanci\u00e1lis id\u0151szak alatti jav\u00edt\u00e1sokat. A partnereinkt\u0151l v\u00e1s\u00e1rolt term\u00e9kek rekreti\u00f3j\u00e1t a term\u00e9ket \u00e9rt\u00e9kes\u00edt\u0151 partner vagy a gy\u00e1rt\u00f3 hivatalos szervizk\u00f6zpontja garant\u00e1lja. A gy\u00e1rt\u00f3k \u00e1ltal ki\u00e1ll\u00edtott j\u00f3t\u00e1ll\u00e1si igazol\u00e1sok eset\u00e9ben a garanci\u00e1lis id\u0151szak alatt hib\u00e1snak hivatkozott term\u00e9ket k\u00f6zvetlen\u00fcl a tan\u00fas\u00edtv\u00e1nyban eml\u00edtett legk\u00f6zelebbi szervizk\u00f6zpontba kell bemutatni. Ez a gy\u00e1rt\u00f3 \u00e1ltal felhatalmazott k\u00f6zpont veszi \u00e1t a garancia megold\u00e1s\u00e1nak teljes felel\u0151ss\u00e9g\u00e9t. A term\u00e9kgaranci\u00e1lis tan\u00fas\u00edtv\u00e1ny hi\u00e1ny\u00e1t az \u00e1ru \u00e1tv\u00e9tel\u00e9t\u0151l sz\u00e1m\u00edtott 48 \u00f3r\u00e1n bel\u00fcl be kell jelenteni a k\u00f6vetkez\u0151 e-mail c\u00edmen: office@electricsun.de . A k\u00e9s\u0151bbi beterjeszt\u00e9seket nem veszik figyelembe.<\/p><p>\u00a0<\/p><p style=\"text-align: justify;\"><strong>12. VAGYON\u00c1TRUH\u00c1Z\u00c1S<\/strong><\/p><p style=\"text-align: justify;\">Az \u00c1ruk \u00e9s Szolg\u00e1ltat\u00e1sok tulajdonjoga a Vev\u0151t\u0151l a megrendel\u00e9sben megjel\u00f6lt helyre t\u00f6rt\u00e9n\u0151 fizet\u00e9skor \u00e1tsz\u00e1ll (megegyez\u00e9s a megrendel\u00e9ssel - a fut\u00e1r \u00e1ltal biztos\u00edtott fuvarokm\u00e1ny \u00e1tv\u00e9tel\u00e9nek al\u00e1\u00edr\u00e1sa vagy az ad\u00f3sz\u00e1ml\u00e1n az ad\u00f3sz\u00e1ml\u00e1n az Elad\u00f3 szem\u00e9lyzet\u00e9nek \u00e1ltal teljes\u00edtett sz\u00e1ll\u00edt\u00e1sok eset\u00e9n). Fut\u00e1rszolg\u00e1lati k\u00e9zbes\u00edt\u00e9s eset\u00e9n az Elad\u00f3 felhatalmazza, hogy a Vev\u0151 a sz\u00e1ll\u00edt\u00e1s al\u00e1\u00edr\u00e1sa el\u0151tt megnyithassa a csomagokat, de ez a fut\u00e1rc\u00e9g szab\u00e1lyzat\u00e1nak megfelel\u0151en t\u00f6rt\u00e9nik.<\/p><p>\u00a0<\/p><p style=\"text-align: justify;\"><strong style=\"font-size: 16px; color: var( --e-global-color-text );\">13. V\u00c1LASZ<\/strong><\/p><p style=\"text-align: justify;\"><span style=\"font-size: 16px; color: var( --e-global-color-text );\">Az Elad\u00f3 nem v\u00e1llal felel\u0151ss\u00e9get semmilyen olyan k\u00e1r\u00e9rt, amelyet a Vev\u0151 vagy b\u00e1rmely harmadik f\u00e9l szenvedhet abb\u00f3l ered\u0151en, hogy az Elad\u00f3 teljes\u00edtette a Megrendel\u00e9s szerinti k\u00f6telezetts\u00e9geit, valamint az \u00c1ruk \u00e9s Szolg\u00e1ltat\u00e1sok sz\u00e1ll\u00edt\u00e1s ut\u00e1ni haszn\u00e1lat\u00e1b\u00f3l \u00e9s k\u00fcl\u00f6n\u00f6sen a term\u00e9kek elveszt\u00e9s\u00e9b\u0151l ered\u0151 k\u00e1rok\u00e9rt. Az Elad\u00f3 akkor felel\u0151s, ha a Megb\u00edz\u00e1s teljes\u00edt\u00e9s\u00e9ben r\u00e9szt vev\u0151 alv\u00e1llalkoz\u00f3k \u00e9s\/vagy partnereik nem teljes\u00edtik a szerz\u0151d\u00e9ses k\u00f6telezetts\u00e9geket.<\/span><\/p><p>\u00a0<\/p><p style=\"text-align: justify;\"><strong>14. NAGYER\u0150<\/strong><\/p><p style=\"text-align: justify;\">Egyik f\u00e9l sem felel\u0151s szerz\u0151d\u00e9ses k\u00f6telezetts\u00e9geinek nem teljes\u00edt\u00e9s\u00e9\u00e9rt, ha a v\u00e9grehajt\u00e1s elmarad\u00e1sa vis maior esem\u00e9ny miatt t\u00f6rt\u00e9nt. A f\u0151 er\u0151 a kisz\u00e1m\u00edthatatlan esem\u00e9ny, k\u00edv\u00fcl a felek ellen\u0151rz\u00e9se, \u00e9s amely nem lehet elker\u00fclni.<\/p><p>\u00a0<\/p><p style=\"text-align: justify;\"><strong>15. ALKALMAZAND\u00d3 JOG - JOGHAT\u00d3S\u00c1G<\/strong><\/p><p style=\"text-align: justify;\">Ez a szerz\u0151d\u00e9s a rom\u00e1n jog hat\u00e1lya al\u00e1 tartozik. A szervez\u0151 \u00e9s a kamp\u00e1ny r\u00e9sztvev\u0151i k\u00f6z\u00f6tt felmer\u00fcl\u0151 vit\u00e1kat b\u00e9k\u00e9s \u00faton kell rendezni, vagy ha ez nem lehets\u00e9ges, a vit\u00e1kat a raradi \u00f6nkorm\u00e1nyzat illet\u00e9kes rom\u00e1n b\u00edr\u00f3s\u00e1gai rendezik.<\/p><p>\u00a0<\/p><p style=\"text-align: justify;\"><strong>16. A DEEE-re VONATKOZ\u00d3 INFORM\u00c1CI\u00d3K<\/strong><\/p><p style=\"text-align: justify;\">Az elektromos \u00e9s elektronikus berendez\u00e9sek hullad\u00e9kai (DEEE) tartalmazhatnak olyan vesz\u00e9lyes anyagokat, amelyek szelekt\u00edv gy\u0171jt\u00e9s \u00fck eset\u00e9n negat\u00edv hat\u00e1st gyakorolnak a k\u00f6rnyezetre \u00e9s az emberi eg\u00e9szs\u00e9gre. Tekintettel a 2081\/92\/EGK rendelet 10. - a fogyaszt\u00f3k k\u00f6telesek az elektromos \u00e9s elektronikus berendez\u00e9sekhullad\u00e9kot v\u00e1logat\u00e1s n\u00e9lk\u00fcli telep\u00fcl\u00e9si hullad\u00e9kk\u00e9nt \u00e1rtalmatlan\u00edtani, \u00e9s szelekt\u00edven \u00f6sszegy\u0171jteni ezeket az elektromos \u00e9s elektronikus berendez\u00e9seket; - e hullad\u00e9kok gy\u0171jt\u00e9s\u00e9t a termel\u0151k rendelkez\u00e9s\u00e9re bocs\u00e1tott szelekt\u00edv gy\u0171jt\u0151pontokon kereszt\u00fcl v\u00e9gzik, amelyek a 448\/2005 HG 5. - Az \u00fcgyfelek d\u00edjmentesen \u00e1tadhatj\u00e1k a DEEE-t az azonos kateg\u00f3ri\u00e1ba tartoz\u00f3 \u00faj term\u00e9k v\u00e1s\u00e1rl\u00e1sakor meghat\u00e1rozott gy\u0171jt\u0151helyeken Az azt jelz\u0151 szimb\u00f3lum, hogy az elektromos \u00e9s elektronikus berendez\u00e9sek k\u00fcl\u00f6n gy\u0171jtem\u00e9ny t\u00e1rgy\u00e1t k\u00e9pezik, k\u00e9t X-alak\u00fa vonallal ell\u00e1tott kerekes szemetest jel\u00f6l, mint a k\u00f6vetkez\u0151 k\u00e9pen.<\/p><p style=\"text-align: justify;\">Ez az ikon azt jelzi, hogy a DEEE-t nem szabad a h\u00e1ztart\u00e1si hullad\u00e9kkal keverni, \u00e9s szelekt\u00edv gy\u0171jt\u00e9s t\u00e1rgy\u00e1t k\u00e9pezi. Miut\u00e1n a k\u00e1r a panel nem dobja, de megy a k\u00f6zpontok speci\u00e1lisan rendezett DEEE gy\u0171jtem\u00e9ny. a) a felhaszn\u00e1l\u00f3knak k\u00fcl\u00f6n kell \u00f6sszegy\u0171jteni\u00fck a DEEE elektromos \u00e9s elektronikus berendez\u00e9sekhullad\u00e9kait, \u00e9s nem szabad a DEEE-t a sz\u00e9tv\u00e1logat\u00e1s n\u00e9lk\u00fcli telep\u00fcl\u00e9si hullad\u00e9kkal egy\u00fctt \u00e1rtalmatlan\u00edtani; b) a mag\u00e1nh\u00e1ztart\u00e1sokban az EKE-k felhaszn\u00e1l\u00f3i az \u00fajrahaszn\u00e1latra, \u00fajrafeldolgoz\u00e1sra \u00e9s a DEE-hasznos\u00edt\u00e1s egy\u00e9b form\u00e1ira sz\u00e1nt \u00f6sszes DEE-hullad\u00e9kot \u00e1tadj\u00e1k a gy\u0171jt\u0151k\u00f6zpontoknak; c) a k\u00f6rnyezetre \u00e9s az emberi eg\u00e9szs\u00e9gre gyakorolt lehets\u00e9ges k\u00e1ros hat\u00e1sok, amelyek a vesz\u00e9lyes anyagok nak az EEI-ben val\u00f3 jelenl\u00e9t\u00e9b\u0151l erednek; d) egy hullad\u00e9kt\u00e1rol\u00f3 szimb\u00f3lum\u00e1nak jelent\u00e9se, amelyen a DEEN t\u00e1rol\u00e1s\u00e1nak tilalma x-et helyez nek, a v\u00e1logat\u00e1s n\u00e9lk\u00fcli telep\u00fcl\u00e9si hullad\u00e9kkal egy\u00fctt.<\/p><p>\u00a0<\/p><p style=\"text-align: justify;\"><strong>17. ELT\u00c9R\u0150 RENDELKEZ\u00c9SEK<\/strong><\/p><p style=\"text-align: justify;\">A szerz\u0151d\u0151 feleket f\u00fcggetlen szerz\u0151d\u0151 f\u00e9lnek kell tekinteni, \u00e9s egyik f\u00e9l sem jogosult vagy jogosult arra, hogy a m\u00e1sik f\u00e9l nev\u00e9ben vagy ellen\u00e9ben b\u00e1rmilyen k\u00f6telezetts\u00e9get v\u00e1llaljon vagy hozzon l\u00e9tre. E meg\u00e1llapod\u00e1s felt\u00e9telei az eml\u00edtett felek k\u00f6z\u00f6tt l\u00e9trej\u00f6tt, e meg\u00e1llapod\u00e1s t\u00e1rgy\u00e1ra vonatkoz\u00f3 egy\u00e9b kor\u00e1bbi \u00edr\u00e1sbeli vagy sz\u00f3beli meg\u00e1llapod\u00e1sok hely\u00e9be l\u00e9pnek, \u00e9s csak a felek \u00e1ltal al\u00e1\u00edrt \u00edr\u00e1sbeli meg\u00e1llapod\u00e1ssal m\u00f3dos\u00edthat\u00f3k vagy m\u00f3dos\u00edthat\u00f3k.<\/p><p>\u00a0<\/p><p><br \/><br \/><\/p><h2>A szem\u00e9lyes adatok feldolgoz\u00e1sa \u00e9s v\u00e9delme<\/h2><p><strong>A szem\u00e9lyes adatok feldolgoz\u00e1s\u00e1ra vonatkoz\u00f3 adatv\u00e9delmi szab\u00e1lyzat<\/strong><\/p><p>A szem\u00e9lyes adatok v\u00e9delm\u00e9hez val\u00f3 jog biztos\u00edt\u00e1s\u00e1t alapvet\u0151 k\u00f6telezetts\u00e9gv\u00e1llal\u00e1si ElectricSun.de, ez\u00e9rt minden sz\u00fcks\u00e9ges er\u0151forr\u00e1st \u00e9s er\u0151fesz\u00edt\u00e9st megtesz\u00fcnk az adatok feldolgoz\u00e1s\u00e1ra az (EU) 2016\/679 rendelettel teljes \u00f6sszhangban (\"<strong>\u00e1ltal\u00e1nos adatv\u00e9delmi rendelet\" vagy \"GDPR\"),<\/strong>valamint a Rom\u00e1ni\u00e1ban alkalmazand\u00f3 egy\u00e9b jogszab\u00e1lyok. Ennek a jogi keretnek az egyik alapvet\u0151 alapelve az \u00e1tl\u00e1that\u00f3s\u00e1g, az\u00e9rt k\u00e9sz\u00edtett\u00fck el ezt a dokumentumot, hogy megalkotjuk \u00d6nt arr\u00f3l, hogyan gy\u0171jtj\u00fck, haszn\u00e1ljuk fel, tov\u00e1bb\u00edtjuk \u00e9s v\u00e9dj\u00fck az \u00d6n szem\u00e9lyes adatait, amikor kapcsolatba l\u00e9p vel\u00fcnk term\u00e9keinkkel \u00e9s szolg\u00e1ltat\u00e1sainkkal kapcsolatban, bele\u00e9rtve a weboldalunkat vagy a mobiltelefonj\u00e1n el\u00e9rhet\u0151 alkalmaz\u00e1sokat. Fenntartjuk a jogot, hogy id\u0151r\u0151l id\u0151re friss\u00edts\u00fck \u00e9s m\u00f3dos\u00edtsuk a jelen Adatv\u00e9delmi szab\u00e1lyzatot, hogy az t\u00fckr\u00f6zze az \u00d6n szem\u00e9lyes adatainak feldolgoz\u00e1s\u00e1ban bek\u00f6vetkez\u0151 v\u00e1ltoz\u00e1sokat vagy a jogi k\u00f6vetelm\u00e9nyek m\u00f3dos\u00edt\u00e1s\u00e1t. Ilyen v\u00e1ltoz\u00e1s eset\u00e9n az Adatv\u00e9delmi szab\u00e1lyzat m\u00f3dos\u00edtott v\u00e1ltozat\u00e1t jelen\u00edtj\u00fck meg a weboldalunkon, ez\u00e9rt k\u00e9rj\u00fck, hogy rendszeresen ellen\u0151rizze a jelen Adatv\u00e9delmi szab\u00e1lyzat tartalm\u00e1t.<\/p><p>\u00a0<\/p><p><strong>Kik vagyunk, \u00e9s hogyan l\u00e9phet kapcsolatba vel\u00fcnk<\/strong><\/p><p>ElectricSun.de az S.C. ELECTRICSUN S.R.L., a rom\u00e1n \u00e1llampolg\u00e1rs\u00e1g\u00fa jogi szem\u00e9ly kereskedelmi neve, sz\u00e9khelye Arad, ir\u00e1ny\u00edt\u00f3sz\u00e1m: 310212, Str. Gorunului No. 12, Arad, amelynek sorozatsz\u00e1ma szerepel a J02\/858\/02.12.2010 c\u00e9gjegyz\u00e9kben, egyedi ad\u00f3regisztr\u00e1ci\u00f3s k\u00f3d RO27769953 (a tov\u00e1bbiakban: \"ElectricSun.de\" vagy \"mi\"). Adatv\u00e9delmi jogszab\u00e1lyok alkalmaz\u00e1s\u00e1ban, az \u00d6n szem\u00e9lyes adatainak feldolgoz\u00e1sa sor\u00e1n. Mivel mindig nyitottak vagyunk arra, hogy megtudjuk a v\u00e9lem\u00e9ny\u00e9t, valamint hogy minden tov\u00e1bbi inform\u00e1ci\u00f3t megadhassunk \u00d6nnek az adatai feldolgoz\u00e1s\u00e1val kapcsolatban, javasoljuk, hogy vegye fel a kapcsolatot az adatv\u00e9delmi ElectricSun.de tisztvisel\u0151vel a office@electricsun.de e-mail c\u00edmen, vagy postai \u00faton vagy fut\u00e1rszolg\u00e1lattal az Arad postai c\u00edm\u00e9n, a 310212-es postai ir\u00e1ny\u00edt\u00f3sz\u00e1m, Street Gorunului No. 12, Arad \u2013 a k\u00f6vetkez\u0151 k\u00e9ppen: az adatv\u00e9delmi tisztvisel\u0151 ElectricSun.de.<\/p><p>\u00a0<\/p><p><strong>A szem\u00e9lyes adatok milyen kateg\u00f3ri\u00e1it dolgozzuk fel?<\/strong><\/p><p>\u00c1ltal\u00e1ban az \u00d6n adatait gy\u0171jtj\u00fck. k\u00f6zvetlen\u00fcl \u00d6nt\u0151l, \u00edgy \u00f6n szab\u00e1lyozhatja az \u00d6n \u00e1ltal megadott adatok t\u00edpus\u00e1t. P\u00e9ld\u00e1ul inform\u00e1ci\u00f3kat kapunk \u00d6nt\u0151l. Ilyen: Amikor ElectricSun.de fi\u00f3kot hoz l\u00e9tre, elk\u00fcldi nek\u00fcnk: e-mail c\u00edm, vezet\u00e9k- \u00e9s keresztn\u00e9v; Az ElectricSun.de platformr\u00f3l az oldaladon (Saj\u00e1t fi\u00f3k) tov\u00e1bbi inform\u00e1ci\u00f3kat adhat meg, p\u00e9ld\u00e1ul: f\u00e9nyk\u00e9p, nem, becen\u00e9v, mobiltelefonsz\u00e1m, vezet\u00e9kes sz\u00e1m, sz\u00fclet\u00e9si d\u00e1tum, iskolai v\u00e9gzetts\u00e9g, sz\u00e1ll\u00edt\u00e1si c\u00edmek, alternat\u00edv e-mail c\u00edm, bankk\u00e1rtya adatok stb.; Megrendel\u00e9skor olyan inform\u00e1ci\u00f3kat ad meg nek\u00fcnk, mint p\u00e9ld\u00e1ul: a k\u00edv\u00e1nt term\u00e9k, vezet\u00e9k- \u00e9s keresztn\u00e9v, sz\u00e1ll\u00edt\u00e1si c\u00edm, sz\u00e1ml\u00e1z\u00e1si adatok, fizet\u00e9si m\u00f3d, telefonsz\u00e1m, bankk\u00e1rtya adatok stb. Lehet\u0151s\u00e9get k\u00edn\u00e1lunk arra is, hogy facebook- vagy Google-fi\u00f3kj\u00e1n kereszt\u00fcl regisztr\u00e1ljon ElectricSun.de platformon. Ha a lehet\u0151s\u00e9gek valamelyik\u00e9t v\u00e1lasztja, a rendszer a Facebook Inc\/Google LLC \u00e1ltal kezelt oldalra ir\u00e1ny\u00edtja, ahol t\u00e1j\u00e9koztatj\u00e1k az adatok tov\u00e1bb\u00edt\u00e1s\u00e1r\u00f3l. ElectricSun.de. A Facebook \u00e9s a Google adatv\u00e9delmi ir\u00e1nyelveit a k\u00f6vetkez\u0151 linkek en tekintheti meg: https:\/\/www.facebook.com\/about\/privacy, https:\/\/policies.google.com\/privacy Bizonyos inform\u00e1ci\u00f3kat gy\u0171jthet\u00fcnk \u00e9s feldolgozhatunk az \u00d6n viselked\u00e9s\u00e9r\u0151l, mik\u00f6zben megl\u00e1togatjuk weboldalunkat, vagy az okostelefonos alkalmaz\u00e1s seg\u00edts\u00e9g\u00e9vel szem\u00e9lyre szabjuk az online \u00e9lm\u00e9ny\u00e9t, \u00e9s a profilj\u00e1hoz igaz\u00edtott aj\u00e1nlatokat biztos\u00edtunk \u00d6nnek. Megh\u00edvjuk \u00d6nt, hogy t\u00f6bbet tudjon meg err\u0151l a szakaszban a feldolgoz\u00e1s c\u00e9lj\u00e1r\u00f3l az al\u00e1bbiakban. A weboldalunkon \u00e9s az okostelefonos alkalmaz\u00e1sban cookie-kban \u00e9s hasonl\u00f3 technol\u00f3gi\u00e1kban t\u00e1rolhatunk \u00e9s gy\u0171jthet\u00fcnk inform\u00e1ci\u00f3kat, a Cookie-szab\u00e1lyzatnak megfelel\u0151en. Az \u00e1ltal\u00e1nos adatv\u00e9delmi rendeletben foglalt \u00e9rz\u00e9keny adatokat nem gy\u0171jtj\u00fck \u00e9s m\u00e1s m\u00f3don nem dolgozzuk fel a szem\u00e9lyes adatok k\u00fcl\u00f6nleges kateg\u00f3ri\u00e1iba. Nem k\u00edv\u00e1nunk 16 \u00e9v alatti kiskor\u00faak adatait sem gy\u0171jteni vagy feldolgozni.<\/p><p>\u00a0<\/p><p><strong>Milyen c\u00e9lokat \u00e9s okokat szolg\u00e1lnak fel az adatkezel\u00e9snek?<\/strong><\/p><p>Felhaszn\u00e1ljuk az adatait. a k\u00f6vetkez\u0151 c\u00e9lokra:<\/p><p>1. A szolg\u00e1ltat\u00e1sok ny\u00fajt\u00e1sa ElectricSun.de az \u00d6n jav\u00e1ra. Ez az \u00e1ltal\u00e1nos c\u00e9l adott esetben a k\u00f6vetkez\u0151ket foglalhatja mag\u00e1ban:<\/p><p>a) Fi\u00f3k l\u00e9trehoz\u00e1sa \u00e9s kezel\u00e9se a ElectricSun.de platformon bel\u00fcl;<\/p><p>b) a megrendel\u00e9sek feldolgoz\u00e1sa, bele\u00e9rtve azok v\u00e9tel\u00e9t, \u00e9rv\u00e9nyes\u00edt\u00e9s\u00e9t, felad\u00e1sa \u00e9s sz\u00e1ml\u00e1z\u00e1s\u00e1t;<\/p><p>c) a megv\u00e1s\u00e1rolt megrendel\u00e9ssel, \u00e1ruval vagy szolg\u00e1ltat\u00e1ssal kapcsolatos t\u00f6rl\u00e9sek vagy b\u00e1rmilyen probl\u00e9ma megold\u00e1sa;<\/p><p>d) a term\u00e9kek visszak\u00fcld\u00e9se a jogi rendelkez\u00e9seknek megfelel\u0151en;<\/p><p>e) a term\u00e9kek \u00e9rt\u00e9k\u00e9nek visszat\u00e9r\u00edt\u00e9se a jogi rendelkez\u00e9sekkel \u00f6sszhangban;<\/p><p>f) Finansz\u00edroz\u00e1s ny\u00fajt\u00e1sa az eCredit-en kereszt\u00fcl, partnereinkkel, a Cetelem-szel \u00e9s a BRD Finance-szel egy\u00fcttm\u0171k\u00f6dve;<\/p><p>g) A Raiffeisen Bank ElectricSun.de k\u00e1rty\u00e1j\u00e1nak kibocs\u00e1t\u00e1sa;<\/p><p>h) T\u00e1mogat\u00e1si szolg\u00e1ltat\u00e1sok ny\u00fajt\u00e1sa, bele\u00e9rtve a megrendel\u00e9sekkel vagy ElectricSun.de \u00e1rukkal \u00e9s szolg\u00e1ltat\u00e1sokkal kapcsolatos k\u00e9rd\u00e9seire adott v\u00e1laszokat. Az \u00f6n adatainak ilyen c\u00e9lokra t\u00f6rt\u00e9n\u0151 feldolgoz\u00e1sa a legt\u00f6bb esetben sz\u00fcks\u00e9ges a ElectricSun.de \u00e9s \u00d6n k\u00f6z\u00f6tti szerz\u0151d\u00e9s megk\u00f6t\u00e9s\u00e9hez \u00e9s teljes\u00edt\u00e9s\u00e9hez. Az e c\u00e9lokal\u00e1 rendelt bizonyos elj\u00e1r\u00e1sokat az alkalmazand\u00f3 jogszab\u00e1lyok is el\u0151\u00edrj\u00e1k, bele\u00e9rtve az ad\u00f3- \u00e9s sz\u00e1mviteli jogszab\u00e1lyokat is.<\/p><p>\u00a0<\/p><p>2. Szolg\u00e1ltat\u00e1saink jav\u00edt\u00e1sa Mindig szeretn\u00e9nk \u00f6nnek a legjobb online v\u00e1s\u00e1rl\u00e1si \u00e9lm\u00e9nyt ny\u00fajtani. Ehhez gy\u0171jthet\u00fcnk \u00e9s felhaszn\u00e1lhatunk bizonyos inform\u00e1ci\u00f3kat az \u00d6n viselked\u00e9s\u00e9r\u0151l. de Vev\u0151, felk\u00e9rj\u00fck \u00d6nt, hogy a megrendel\u00e9s teljes\u00edt\u00e9s\u00e9t k\u00f6vet\u0151en t\u00f6ltse ki az el\u00e9gedetts\u00e9gi k\u00e9rd\u0151\u00edveket, vagy k\u00f6zvetlen\u00fcl vagy partnerek, piactanulm\u00e1nyok \u00e9s kutat\u00e1sok seg\u00edts\u00e9g\u00e9vel v\u00e9gezhet\u00fcnk. Ezeket a tev\u00e9kenys\u00e9geket az \u00fczleti tev\u00e9kenys\u00e9ghez f\u0171z\u0151d\u0151 jogos \u00e9rdek\u00fcnkre alapoztuk, mindig \u00fcgyelve arra, hogy az \u00d6n jogai \u00e9s szabads\u00e1gai ne legyenek a megfelel\u0151 helyen. alapelveket nem \u00e9rinti.<\/p><p>\u00a0<\/p><p>3. Marketing Azt akarjuk, hogy tartsa meg naprak\u00e9sz a legjobb aj\u00e1nlatokat a term\u00e9kek \/ szolg\u00e1ltat\u00e1sok \u00e9rdekli. Ebben a tekintetben b\u00e1rmilyen t\u00edpus\u00fa \u00fczenetet k\u00fcldhet\u00fcnk \u00d6nnek (p\u00e9ld\u00e1ul \u00e1ltal\u00e1nos \u00e9s tematikus inform\u00e1ci\u00f3kat tartalmaz\u00f3 e-mail\/SMS\/telefon\/mobil push\/webpush\/etc.), a megv\u00e1s\u00e1roltterm\u00e9kekhez hasonl\u00f3 vagy kieg\u00e9sz\u00edt\u0151 term\u00e9kekkel kapcsolatos inform\u00e1ci\u00f3k, az aj\u00e1nlatokra vagy prom\u00f3ci\u00f3kra vonatkoz\u00f3 inform\u00e1ci\u00f3k, a \"Fi\u00f3kom\/kos\u00e1r\" vagy a \"Fi\u00f3k\/kedvencek\" r\u00e9szben hozz\u00e1adott term\u00e9kekkel kapcsolatos inform\u00e1ci\u00f3k, illetve a v\u00e1s\u00e1rl\u00e1sir\u00e1nt \u00e9rdekl\u0151d\u0151 inform\u00e1ci\u00f3k, valamint egy\u00e9b kereskedelmi k\u00f6zlem\u00e9nyek, p\u00e9ld\u00e1ul piackutat\u00e1s \u00e9s k\u00f6zv\u00e9lem\u00e9ny-kutat\u00e1sok, \u00e9s szem\u00e9lyre szabott aj\u00e1nl\u00e1sokat jelen\u00edthet\u00fcnk meg a weboldalon \u00e9s az okostelefonos alkalmaz\u00e1sban. Annak \u00e9rdek\u00e9ben, hogy az \u00d6n sz\u00e1m\u00e1ra \u00e9rdekes inform\u00e1ci\u00f3kat ny\u00fajtsunk \u00d6nnek, felhaszn\u00e1lhatjuk az \u00d6n viselked\u00e9s\u00e9re vonatkoz\u00f3 bizonyos adatokat. (pl. a k\u00edv\u00e1ns\u00e1glist\u00e1hoz\/v\u00e1s\u00e1rolthoz hozz\u00e1adott term\u00e9kek) profil l\u00e9trehoz\u00e1s\u00e1hoz. Mindig biztos\u00edtjuk, hogy ezeket a folyamatokat az \u00d6n jogainak \u00e9s szabads\u00e1gainak tiszteletben tart\u00e1sa mellett hajts\u00e1k v\u00e9gre. az ezek alapj\u00e1n hozott d\u00f6nt\u00e9sek nek nincs joghat\u00e1sa \u00d6nre. \u00e9s nem \u00e9rinti \u00d6nt jelent\u0151s m\u00e9rt\u00e9kben. A legt\u00f6bb esetben marketingkommunik\u00e1ci\u00f3inkat az \u00d6n hozz\u00e1j\u00e1rul\u00e1s\u00e1ra alapoztuk. El\u0151re.<\/p><p>B\u00e1rmikor meggondolhatja mag\u00e1t, \u00e9s visszavonhatja a beleegyez\u00e9s\u00e9t:<\/p><p>\u2013 Az \u00fcgyf\u00e9lfi\u00f3k be\u00e1ll\u00edt\u00e1sainak m\u00f3dos\u00edt\u00e1sa a \"Saj\u00e1t el\u0151fizet\u00e9sek\" r\u00e9szben;<\/p><p>\u2013 A t\u0151l\u00fcnk kapott \u00fczenetekben megjelen\u0151 leiratkoz\u00e1si link; vagy<\/p><p>\u2013 Kapcsolatfelv\u00e9tel ElectricSun.de a fent le\u00edrt el\u00e9rhet\u0151s\u00e9gek en. Bizonyos helyzetekben marketingtev\u00e9kenys\u00e9geinket az \u00fczleti tev\u00e9kenys\u00e9g\u00fcnk el\u0151mozd\u00edt\u00e1s\u00e1hoz \u00e9s fejleszt\u00e9s\u00e9hez f\u0171z\u0151d\u0151 jogos \u00e9rdek\u00fcnkre alapozhatjuk. Minden olyan helyzetben, amikor az \u00d6nre vonatkoz\u00f3 inform\u00e1ci\u00f3kat haszn\u00e1ljuk fel. jogos \u00e9rdek\u00fcnk \u00e9rdek\u00e9ben gondoskodunk minden sz\u00fcks\u00e9ges int\u00e9zked\u00e9sr\u0151l, \u00e9s megtesz\u00fcnk minden sz\u00fcks\u00e9ges int\u00e9zked\u00e9st annak biztos\u00edt\u00e1sa \u00e9rdek\u00e9ben, hogy az \u00d6n jogai \u00e9s szabads\u00e1gai ne legyenek jogban az alapelvek jogainak \u00e9s szabads\u00e1gainak haszn\u00e1lati jog\u00e1nak nem befoly\u00e1sol\u00e1s\u00e1ra. Azonban b\u00e1rmikor k\u00e9rheti t\u0151l\u00fcnk, hogy a fent le\u00edrt m\u00f3don \u00e1ll\u00edtsa le az adatok feldolgoz\u00e1s\u00e1t. marketing c\u00e9lokra, \u00e9s mi eleget tesz\u00fcnk az \u00d6n k\u00e9r\u00e9s\u00e9nek.<\/p><p>\u00a0<\/p><p>4. Jogos \u00e9rdekeink v\u00e9delme El\u0151fordulhatnak olyan helyzetek, amikor jogaink \u00e9s \u00fczleti tev\u00e9kenys\u00e9g\u00fcnk v\u00e9delme \u00e9rdek\u00e9ben adatokat haszn\u00e1lunk fel vagy tov\u00e1bb\u00edtunk.<\/p><p>Ezek a k\u00f6vetkez\u0151k lehetnek:<\/p><p>\u2013 A platform weboldal\u00e1nak \u00e9s felhaszn\u00e1l\u00f3inak a kibert\u00e1mad\u00e1sokkal szembeni v\u00e9delm\u00e9t szolg\u00e1l\u00f3 int\u00e9zked\u00e9sek ElectricSun.de.<\/p><p>\u2013 A csal\u00e1si k\u00eds\u00e9rlet megel\u0151z\u00e9s\u00e9re \u00e9s felder\u00edt\u00e9s\u00e9re ir\u00e1nyul\u00f3 int\u00e9zked\u00e9sek, bele\u00e9rtve az inform\u00e1ci\u00f3k nak az illet\u00e9kes hat\u00f3s\u00e1gokhoz t\u00f6rt\u00e9n\u0151 tov\u00e1bb\u00edt\u00e1s\u00e1t;<\/p><p>\u2013 A k\u00fcl\u00f6nb\u00f6z\u0151 egy\u00e9b kock\u00e1zatok kezel\u00e9s\u00e9re ir\u00e1nyul\u00f3 int\u00e9zked\u00e9sek. Az ilyen t\u00edpus\u00fa adatkezel\u00e9s \u00e1ltal\u00e1nos alapja az \u00fczleti tev\u00e9kenys\u00e9g\u00fcnk v\u00e9delm\u00e9hez f\u0171z\u0151d\u0151 jogos \u00e9rdek\u00fcnk, azzal a k\u00fcl\u00f6nbs\u00e9ggel, hogy biztos\u00edtjuk, hogy minden \u00e1ltalunk meghozott int\u00e9zked\u00e9s garant\u00e1lja az egyens\u00falyt az \u00e9rdekeink, valamint az \u00d6n jogai \u00e9s szabads\u00e1gai k\u00f6z\u00f6tt. Alapvet\u0151. Bizonyos esetekben a feldolgoz\u00e1sunkat olyan jogi rendelkez\u00e9sekre alapoztuk, mint p\u00e9ld\u00e1ul az \u00e1ruk \u00e9s \u00e9rt\u00e9kek biztons\u00e1g\u00e1nak biztos\u00edt\u00e1s\u00e1ra vonatkoz\u00f3 k\u00f6telezetts\u00e9g, amelyet az e ter\u00fcletre vonatkoz\u00f3 jogszab\u00e1lyok el\u0151adnak.<\/p><p>\u00a0<\/p><p><strong>Mennyi ideig \u0151rizz\u00fck meg az adatait? Szem\u00e9lyes<\/strong><\/p><p>\u00c1ltal\u00e1nos szab\u00e1lyk\u00e9nt az adatait mindaddig t\u00e1roljuk, am\u00edg rendelkezik fi\u00f3kkal a ElectricSun.de platformon. \u00d6n k\u00e9rheti t\u0151l\u00fcnk, hogy t\u00f6r\u00f6lj\u00fcnk bizonyos adatokat, vagy z\u00e1rjuk le a fi\u00f3kunkat b\u00e1rmikor, \u00e9s mi eleget tesz\u00fcnk ezeknek a k\u00e9r\u00e9seknek, bizonyos inform\u00e1ci\u00f3k meg\u0151rz\u00e9s\u00e9t\u0151l felt\u00e9ve, bele\u00e9rtve a fi\u00f3k lez\u00e1r\u00e1s\u00e1t is, olyan helyzetekben, amikor az alkalmazand\u00f3 jogszab\u00e1lyok vagy jogos \u00e9rdekeink megk\u00f6vetelik.<\/p><p>\u00a0<\/p><p><strong>Kinek tov\u00e1bb\u00edtjuk az adatait? Szem\u00e9lyes<\/strong><\/p><p>Adott esetben tov\u00e1bb\u00edthatunk vagy hozz\u00e1f\u00e9r\u00e9st biztos\u00edthatunk az \u00d6n bizonyos szem\u00e9lyes adataihoz. a kedvezm\u00e9nyezettek k\u00f6vetkez\u0151 kateg\u00f3ri\u00e1i: \u2013 a v\u00e1llalatcsoporthoz tartoz\u00f3 t\u00e1rsas\u00e1gok, mint ElectricSun.de; \u2013 fut\u00e1rszolg\u00e1lat; \u2013 fizet\u00e9si\/banki szolg\u00e1ltat\u00f3k; \u2013 marketing\/telemarketing szolg\u00e1ltat\u00f3k; \u2013 piackutat\u00e1si szolg\u00e1ltat\u00f3k; \u2013 biztos\u00edt\u00f3t\u00e1rsas\u00e1gok, \u2013 informatikai szolg\u00e1ltat\u00f3k; \u2013 m\u00e1s v\u00e1llalatok, amelyekkel k\u00f6z\u00f6s programokat fejleszthet\u00fcnk ki \u00e1ruink \u00e9s szolg\u00e1ltat\u00e1saink piaci k\u00edn\u00e1lat\u00e1ra. Ha jogi k\u00f6telezetts\u00e9g\u00fcnk van, vagy jogos \u00e9rdek v\u00e9delm\u00e9hez sz\u00fcks\u00e9ges, bizonyos szem\u00e9lyes adatokat a hat\u00f3s\u00e1gok nak is kiadhatunk. Gondoskodunk arr\u00f3l, hogy a szem\u00e9lyes adataihoz val\u00f3 hozz\u00e1f\u00e9r\u00e9s az \u00d6n rendelkez\u00e9s\u00e9re \u00e1lljon. a harmadik f\u00e9l jogi szem\u00e9lyek \u00e1ltal a mag\u00e1njog hat\u00e1lya al\u00e1 tartoz\u00f3 szem\u00e9lyeket az adatv\u00e9delemre \u00e9s az inform\u00e1ci\u00f3k bizalmas kezel\u00e9s\u00e9re vonatkoz\u00f3 jogi rendelkez\u00e9sekkel \u00f6sszhangban, a vel\u00fck k\u00f6t\u00f6tt szerz\u0151d\u00e9sek alapj\u00e1n kell v\u00e9grehajtani.<\/p><p>\u00a0<\/p><p><strong>Mely orsz\u00e1gokba tov\u00e1bb\u00edtjuk az \u00d6n adatait? Szem\u00e9lyes<\/strong><\/p><p>Jelenleg az \u00f6n adatait t\u00e1roljuk \u00e9s dolgozzuk fel. az Eur\u00f3pai Uni\u00f3 ter\u00fclet\u00e9n. Azonban tov\u00e1bb\u00edthatjuk az \u00f6n adatainak egy r\u00e9sz\u00e9t. az Eur\u00f3pai Uni\u00f3ban vagy az Uni\u00f3n k\u00edv\u00fcl tal\u00e1lhat\u00f3 szervezetek, bele\u00e9rtve azokat az orsz\u00e1gokat is, amelyek sz\u00e1m\u00e1ra az Eur\u00f3pai Bizotts\u00e1g nem ismerte el a szem\u00e9lyes adatok megfelel\u0151 szint\u0171 v\u00e9delm\u00e9t. Mindig l\u00e9p\u00e9seket tesz\u00fcnk annak \u00e9rdek\u00e9ben, hogy a szem\u00e9lyes adatok nemzetk\u00f6zi tov\u00e1bb\u00edt\u00e1s\u00e1t gondosan kezelj\u00e9k az \u00d6n jogainak \u00e9s \u00e9rdekeinek v\u00e9delme \u00e9rdek\u00e9ben. A szolg\u00e1ltat\u00f3knak \u00e9s m\u00e1s harmadik feleknek t\u00f6rt\u00e9n\u0151 adattov\u00e1bb\u00edt\u00e1st mindig szerz\u0151d\u00e9ses k\u00f6telezetts\u00e9gv\u00e1llal\u00e1sok \u00e9s adott esetben egy\u00e9b biztos\u00edt\u00e9kok v\u00e9dik, mint p\u00e9ld\u00e1ul az Eur\u00f3pai Bizotts\u00e1g \u00e1ltal kiadott \u00e1ltal\u00e1nos szerz\u0151d\u00e9si felt\u00e9telek vagy tan\u00fas\u00edt\u00e1si rendszerek, mint p\u00e9ld\u00e1ul az EU-n bel\u00fclr\u0151l az Amerikai Egyes\u00fclt \u00c1llamokba tov\u00e1bb\u00edtott szem\u00e9lyes adatok v\u00e9delm\u00e9re szolg\u00e1l\u00f3 adatv\u00e9delmi pajzs. B\u00e1rmikor felveheti vel\u00fcnk a kapcsolatot a fent megadott el\u00e9rhet\u0151s\u00e9geken, hogy t\u00f6bbet tudjon meg azokr\u00f3l az orsz\u00e1gokr\u00f3l, ahol tov\u00e1bb\u00edtjuk az adatait, \u00e9s milyen garanci\u00e1kat ny\u00fajtottunk be ezekkel az adatokkal kapcsolatban.<\/p><p>\u00a0<\/p><p><strong>Hogyan v\u00e9dj\u00fck az \u00d6n adatainak biztons\u00e1g\u00e1t Szem\u00e9lyes<\/strong><\/p><p>Elk\u00f6telezettek vagyunk a szem\u00e9lyes adatok biztons\u00e1g\u00e1nak biztos\u00edt\u00e1sa mellett a megfelel\u0151 technikai \u00e9s szervez\u00e9si int\u00e9zked\u00e9sek v\u00e9grehajt\u00e1s\u00e1val, az ipar\u00e1gi szabv\u00e1nyoknak megfelel\u0151en. Szem\u00e9lyes adatainak tov\u00e1bb\u00edt\u00e1sa a legkorszer\u0171bb titkos\u00edt\u00e1si algoritmusok seg\u00edts\u00e9g\u00e9vel t\u00f6rt\u00e9nik, \u00e9s biztons\u00e1gos szervereken t\u00e1roljuk \u0151ket, mik\u00f6zben biztos\u00edtjuk az adatredundanci\u00e1t. A fizet\u00e9shez a fizet\u00e9sfeldolgoz\u00f3 szolg\u00e1ltat\u00e1sait haszn\u00e1ljuk euplatesc.ro. Minden fizet\u00e9si inform\u00e1ci\u00f3 TSL 1.2 titkos\u00edt\u00e1ssal rendelkez\u0151 HTTPS technol\u00f3gi\u00e1val van titkos\u00edtva. A szem\u00e9lyes adatok v\u00e9delme \u00e9rdek\u00e9ben tett l\u00e9p\u00e9sek ellen\u00e9re \u00d6n nem lehet szem\u00e9lyes adat, szeretn\u00e9nk r\u00e1mutatni arra, hogy az inform\u00e1ci\u00f3k interneten kereszt\u00fcl, \u00e1ltal\u00e1ban vagy m\u00e1s nyilv\u00e1nos h\u00e1l\u00f3zatokon kereszt\u00fcl t\u00f6rt\u00e9n\u0151 tov\u00e1bb\u00edt\u00e1sa nem teljesen biztons\u00e1gos, azzal a kock\u00e1zattal, hogy az adatokat jogosulatlan harmadik felek fogj\u00e1k l\u00e1tni \u00e9s felhaszn\u00e1lni. Nem v\u00e1llalhatunk felel\u0151ss\u00e9get az ellen\u0151rz\u00e9s\u00fcnk alatt nem \u00e1ll\u00f3 rendszerek ilyen sebezhet\u0151s\u00e9gei\u00e9rt.<\/p><p>\u00a0<\/p><p><strong>Milyen jogai vannak?<\/strong><\/p><p>Az \u00e1ltal\u00e1nos adatv\u00e9delmi rendelet sz\u00e1mos jogot ismer el az \u00d6n adataival kapcsolatban. Szem\u00e9lyes. K\u00e9rhet hozz\u00e1f\u00e9r\u00e9st az adataihoz, kijav\u00edthatja a f\u00e1jljainkban l\u00e9v\u0151 hib\u00e1kat, \u00e9s\/vagy tiltakozhat az adatok feldolgoz\u00e1sa ellen. Szem\u00e9lyes. \u00d6n gyakorolhatja az illet\u00e9kes fel\u00fcgyeleti hat\u00f3s\u00e1gn\u00e1l val\u00f3 panaszt\u00e9telhez vagy igazs\u00e1gszolg\u00e1ltat\u00e1s hozad\u00e9k\u00e1hoz val\u00f3 jog\u00e1t is. Adott esetben \u00f6nnek is jog\u00e1ban \u00e1ll k\u00e9rni szem\u00e9lyes adatainak t\u00f6rl\u00e9s\u00e9t. szem\u00e9lyes adatok feldolgoz\u00e1s\u00e1nak korl\u00e1toz\u00e1s\u00e1ra vonatkoz\u00f3 jog. valamint az adathordozhat\u00f3s\u00e1ghoz val\u00f3 jog. Az egyes jogokra vonatkoz\u00f3 tov\u00e1bbi inform\u00e1ci\u00f3k az al\u00e1bbi t\u00e1bl\u00e1zatban tal\u00e1lhat\u00f3k. Jogainak gyakorl\u00e1sa \u00e9rdek\u00e9ben a fenti el\u00e9rhet\u0151s\u00e9geken veheti fel vel\u00fcnk a kapcsolatot. K\u00e9rj\u00fck, vegye figyelembe a k\u00f6vetkez\u0151ket, ha ezeket a jogokat gyakorolni k\u00edv\u00e1nja: Identit\u00e1s. Komolyan vessz\u00fck a szem\u00e9lyes adatokat tartalmaz\u00f3 rekordok bizalmas kezel\u00e9s\u00e9t. Ez\u00e9rt k\u00e9rj\u00fck, k\u00fcldje el nek\u00fcnk k\u00e9r\u00e9seit. regisztr\u00e1ci\u00f3k at a ElectricSun.de fi\u00f3k e-mail c\u00edm\u00e9vel. Ellenkez\u0151 esetben fenntartjuk a jogot, hogy szem\u00e9lyazonoss\u00e1g\u00e1t tov\u00e1bbi inform\u00e1ci\u00f3kat k\u00e9rj\u00fck, amelyek c\u00e9lja szem\u00e9lyazonoss\u00e1g\u00e1nak meger\u0151s\u00edt\u00e9se. D\u00edjak. Nem sz\u00e1m\u00edtunk fel \u00f6nnek semmilyen jogot adatai gyakorl\u00e1s\u00e1ra. szem\u00e9lyes adatokat, kiv\u00e9ve, ha a k\u00e9r\u00e9s \u00e9rv\u00e9nyes. az inform\u00e1ci\u00f3hoz val\u00f3 hozz\u00e1f\u00e9r\u00e9s megalapozatlan, azaz ism\u00e9tl\u0151d\u0151 vagy t\u00falzott, amely esetben ilyen k\u00f6r\u00fclm\u00e9nyek k\u00f6z\u00f6tt \u00e9sszer\u0171 \u00f6sszeget sz\u00e1m\u00edtunk fel. A k\u00e9r\u00e9s megold\u00e1sa el\u0151tt t\u00e1j\u00e9koztatjuk \u00d6nt az esetleges enyelegr\u0151l. A v\u00e1lasz id\u0151tartama. Az \u00e9rv\u00e9nyes megkeres\u00e9sekre legfeljebb egy h\u00f3napon bel\u00fcl k\u00edv\u00e1nunk v\u00e1laszolni, kiv\u00e9ve, ha ez k\u00fcl\u00f6n\u00f6sen bonyolult, vagy ha \u00f6n t\u00f6bb k\u00e9relmet is beny\u00fajtott, amely esetben v\u00e1rhat\u00f3an legfeljebb k\u00e9t h\u00f3napon bel\u00fcl v\u00e1laszolunk. Majd sz\u00f3lunk, ha egy h\u00f3napn\u00e1l tov\u00e1bb van sz\u00fcks\u00e9g\u00fcnk. Megk\u00e9rdezhetj\u00fck, hogy pontosan meg tudja-e mondani, hogy mit szeretne kapni, vagy mi aggasztja. Ez seg\u00edt nek\u00fcnk gyorsabban cselekedni, \u00e9s ler\u00f6vid\u00edteni a v\u00e1laszad\u00e1si id\u0151t az \u00d6n k\u00e9r\u00e9s\u00e9re. Harmadik felek jogai. Nem teljes\u00edten\u00fcnk kell a k\u00e9r\u00e9st, ha az h\u00e1tr\u00e1nyosan \u00e9rinten\u00e9 m\u00e1s \u00e9rintettek jogait \u00e9s szabads\u00e1gait.<\/p><p>\u00a0<\/p><p><strong>C\u00e9lzott jogok le\u00edr\u00e1sa<\/strong><\/p><p>Megk\u00e9rdezheti t\u0151l\u00fcnk: <strong>Hozz\u00e1f\u00e9r\u00e9s<\/strong> \u2022 meger\u0151s\u00edtj\u00fck, hogy feldolgozzuk-e az \u00d6n szem\u00e9lyes adatait; \u2022 az adatok m\u00e1solat\u00e1nak biztos\u00edt\u00e1sa; \u2022 egy\u00e9b inform\u00e1ci\u00f3kat ad \u00f6nnek szem\u00e9lyes adatair\u00f3l. szem\u00e9lyes adatok, mint p\u00e9ld\u00e1ul a megl\u00e9v\u0151 adatok, az \u00e1ltalunk haszn\u00e1lt adatok, azok nyilv\u00e1noss\u00e1gra hozatala, ha azokat k\u00fclf\u00f6ldre tov\u00e1bb\u00edtjuk, \u00e9s hogyan v\u00e9dj\u00fck azokat, mennyi ideig \u0151rizz\u00fck meg azokat, milyen jogai vannak, hogyan tehet panaszt, hol szerezt\u00fck meg az adatait, amennyiben az adatokat ez az inform\u00e1ci\u00f3 m\u00e9g nem adta meg \u00d6nnek. <strong>Korrekci\u00f3<\/strong> K\u00e9rheti t\u0151l\u00fcnk, hogy helyesb\u00edts\u00fck vagy eg\u00e9sz\u00edts\u00fck ki pontatlan vagy hi\u00e1nyos szem\u00e9lyes adatait. A jav\u00edt\u00e1s el\u0151tt megpr\u00f3b\u00e1lhatjuk ellen\u0151rizni az adatok pontoss\u00e1g\u00e1t. <strong>Adatok t\u00f6rl\u00e9se<\/strong> K\u00e9rheti t\u0151l\u00fcnk, hogy t\u00f6r\u00f6lj\u00fck szem\u00e9lyes adatait, de csak akkor, ha: \u2022 m\u00e1r nincs r\u00e1juk sz\u00fcks\u00e9g ahhoz a c\u00e9lhoz, amelyre azokat gy\u0171jt\u00f6tt\u00e9k; Vagy \u2022 \u00f6n visszavonta hozz\u00e1j\u00e1rul\u00e1s\u00e1t (ha az adatok feldolgoz\u00e1sa hozz\u00e1j\u00e1rul\u00e1son alapult); Vagy \u2022 a kifog\u00e1shoz val\u00f3 jog \u00e9rv\u00e9nyre(ad) Vagy \u2022 illeg\u00e1lisan dolgozt\u00e1k fel \u0151ket; Vagy \u2022 erre jogi k\u00f6telezetts\u00e9g\u00fcnk van. Nem vagyunk k\u00f6telesek eleget tenni a k\u00e9r\u00e9s\u00e9nek. az adatok t\u00f6rl\u00e9s\u00e9hez. szem\u00e9lyes adatok, ha az \u00d6n szem\u00e9lyes adatainak feldolgoz\u00e1sa nem kapcsol\u00f3dik a szem\u00e9lyes adatokhoz. szem\u00e9lyes adatokra van sz\u00fcks\u00e9g: \u2022 jogi k\u00f6telezetts\u00e9g nek val\u00f3 megfelel\u00e9s; Vagy \u2022 a b\u00edr\u00f3s\u00e1gon a jog l\u00e9tes\u00edt\u00e9se, gyakorl\u00e1sa vagy v\u00e9delme. Vannak m\u00e1s k\u00f6r\u00fclm\u00e9nyek is, amelyek k\u00f6z\u00f6tt nem vagyunk k\u00f6telesek eleget tenni az \u00d6n k\u00e9r\u00e9s\u00e9nek. adatokat t\u00f6r\u00f6l, b\u00e1r ez a kett\u0151 a legval\u00f3sz\u00edn\u0171bb olyan k\u00f6r\u00fclm\u00e9ny, amelyben elutas\u00edthatjuk ezt a k\u00e9r\u00e9st. Ne feledje, hogy e jog gyakorl\u00e1sa el\u0151tt let\u00f6lti ElectricSun.de fi\u00f3kj\u00e1b\u00f3l, \u00e9s elmenti az \u00f6sszes, a ElectricSun.de megrendel\u00e9s\u00e9vel kapcsolatos dokumentumot, f\u00fcggetlen\u00fcl att\u00f3l, hogy a sz\u00e1ml\u00e1z\u00e1sT \u00d6n vagy m\u00e1s term\u00e9szetes vagy jogi szem\u00e9ly (p\u00e9ld\u00e1ul sz\u00e1ml\u00e1k, garanciajegyek) int\u00e9zte. Ha ezt a t\u00f6rl\u00e9si jog gyakorl\u00e1sa el\u0151tt nem teszi meg, elvesz\u00edti ezeket a dokumentumokat, \u00e9s ElectricSun.de nem tudja azokat adott esetben megadni \u00d6nnek, mivel az adatok, illetve az ElectricSun.de fi\u00f3k t\u00f6rl\u00e9s\u00e9nek folyamata az \u00f6sszes hozz\u00e1 kapcsol\u00f3d\u00f3 adattal \u00e9s dokumentummal egy\u00fctt visszaford\u00edthatatlan folyamat. <strong>Az adatfeldolgoz\u00e1s korl\u00e1toz\u00e1sa<\/strong> K\u00e9rheti t\u0151l\u00fcnk, hogy korl\u00e1tozzuk a szem\u00e9lyes adatok feldolgoz\u00e1s\u00e1t, de csak akkor, ha: \u2022 pontoss\u00e1guk vitatott (l\u00e1sd a helyesb\u00edt\u00e9si szakaszt), hogy ellen\u0151rizhess\u00fck azok pontoss\u00e1g\u00e1t; Vagy \u2022 a feldolgoz\u00e1s illeg\u00e1lis, de nem szeretn\u00e9, hogy az adatok t\u00f6rl\u0151djenek; Vagy \u2022 m\u00e1r nincs r\u00e1juk sz\u00fcks\u00e9g ahhoz a c\u00e9lhoz, amelyre azokat gy\u0171jt\u00f6tt\u00e9k, de \u00f6nnek sz\u00fcks\u00e9ge van r\u00e1juk a b\u00edr\u00f3s\u00e1gon val\u00f3 jog meg\u00e1llap\u00edt\u00e1s\u00e1hoz, gyakorl\u00e1s\u00e1hoz vagy v\u00e9delm\u00e9hez; Vagy \u2022 \u00d6n \u00e9lt a kifog\u00e1sol\u00e1shoz val\u00f3 jog\u00e1val, \u00e9s ellen\u0151rizte, hogy jogaink tov\u00e1bbra is fenn\u00e1llnak-e. Tov\u00e1bbra is felhaszn\u00e1lhatjuk az \u00f6n adatait. a szem\u00e9lyes adatokat a korl\u00e1toz\u00e1s ir\u00e1nti k\u00e9relem mellet, amennyiben: \u2022 az \u00d6n beleegyez\u00e9s\u00e9t k\u00e9r\u00fcnk; Vagy \u2022 b\u00edr\u00f3s\u00e1gel\u0151tt meg\u00e1llap\u00edtani, gyakorolni vagy megv\u00e9deni egy jogot; Vagy \u2022 ElectricSun.de vagy m\u00e1s term\u00e9szetes vagy jogi szem\u00e9ly jogainak v\u00e9delme. <strong>Az adatok hordozhat\u00f3s\u00e1ga<\/strong> K\u00e9rheti t\u0151l\u00fcnk, hogy szem\u00e9lyes adatait struktur\u00e1lt, \u00e1ltal\u00e1nosan haszn\u00e1lt \u00e9s olvashat\u00f3 form\u00e1tumban adj\u00e1k meg, vagy k\u00e9rheti, hogy azadatokat k\u00f6zvetlen\u00fcl egy m\u00e1sik adatkezel\u0151h\u00f6z \"portolj\u00e1k\", de minden esetben csak akkor, ha: \u2022 A feldolgoz\u00e1s az \u00d6n hozz\u00e1j\u00e1rul\u00e1s\u00e1n alapul. vagy az \u00d6nnel k\u00f6t\u00f6tt szerz\u0151d\u00e9s megk\u00f6t\u00e9s\u00e9re vagy teljes\u00edt\u00e9s\u00e9re; \u00c9s \u2022 a feldolgoz\u00e1s automatikus anamn\u00e9zis\u00e9kben t\u00f6rt\u00e9nik. <strong>Ellenz\u00e9k<\/strong> \u00d6n az Adott helyzettel kapcsolatos okokb\u00f3l b\u00e1rmikor tiltakozhat szem\u00e9lyes adatainak feldolgoz\u00e1sa ellen. szem\u00e9lyes adatokat jogos \u00e9rdek\u00fcnk alapj\u00e1n, ha \u00fagy \u00edt\u00e9li meg, hogy az \u00d6n jogai \u00e9s szabads\u00e1gai nem \u00e9rv\u00e9nyesek. alapvet\u0151 jogok els\u0151bbs\u00e9get \u00e9lveznek ezzel az \u00e9rdekkel szemben. Az adatok feldolgoz\u00e1sa ellen b\u00e1rmikor tiltakozhat. direkt marketing c\u00e9lokra (bele\u00e9rtve a profilalkot\u00e1st is) indokl\u00e1s n\u00e9lk\u00fcl, amely esetben a lehet\u0151 leghamarabb megsz\u00fcntetj\u00fck ezt a feldolgoz\u00e1st. <strong>Automatikus d\u00f6nt\u00e9sek meghozatala<\/strong> K\u00e9rheti, hogy ne vonatkozzon r\u00e1 kiz\u00e1r\u00f3lag automatikus feldolgoz\u00e1son alapul\u00f3 hat\u00e1rozat, de csak akkor, ha a hat\u00e1rozat: \u2022 joghat\u00e1ssal j\u00e1r \u00d6nre; Vagy \u2022 hasonl\u00f3 m\u00f3don \u00e9s jelent\u0151s m\u00e9rt\u00e9kben hat\u00e1ssal van \u00d6nre. Ez a jog nem alkalmazhat\u00f3, ha az automatikus d\u00f6nt\u00e9shozatalt k\u00f6vet\u0151en hozott hat\u00e1rozat: \u2022 szerz\u0151d\u00e9sk\u00f6t\u00e9sre vagy felmond\u00e1sra vagy felmond\u00e1sra vagy szerz\u0151d\u00e9s felmond\u00e1s\u00e1ra vagy felmond\u00e1s\u00e1ra k\u00f6telesek vagyunk; \u2022 a t\u00f6rv\u00e9ny enged\u00e9lyezi, \u00e9s megfelel\u0151 biztos\u00edt\u00e9kok vannak az \u00d6n jogaira \u00e9s szabads\u00e1gaira vonatkoz\u00f3an; Vagy \u2022 az \u00d6n hozz\u00e1j\u00e1rul\u00e1s\u00e1n alapul. Explicit. Reklam\u00e1ci\u00f3K \u00d6nnek joga van panaszt tenni a fel\u00fcgyeleti hat\u00f3s\u00e1gn\u00e1l az adatok feldolgoz\u00e1s\u00e1val kapcsolatban. Szem\u00e9lyes. Rom\u00e1ni\u00e1ban az adatv\u00e9delmi fel\u00fcgyeleti hat\u00f3s\u00e1g el\u00e9rhet\u0151s\u00e9gei a k\u00f6vetkez\u0151k: A szem\u00e9lyes adatok feldolgoz\u00e1s\u00e1\u00e9rt felel\u0151s nemzeti fel\u00fcgyeleti hat\u00f3s\u00e1g \u00c1ltal\u00e1nos. Gheorghe Magheru, nr. 28-30, 1. E-mail:anspdcp@dataprotection.ro An\u00e9lk\u00fcl, hogy befoly\u00e1soln\u00e1 a fel\u00fcgyeleti hat\u00f3s\u00e1ggal val\u00f3 b\u00e1rmikor id\u00e9t, k\u00e9rj\u00fck, el\u0151zetesen vegye fel vel\u00fcnk a kapcsolatot, \u00e9s meg\u00edg\u00e9rj\u00fck, hogy minden er\u0151fesz\u00edt\u00e9st megtesz\u00fcnk annak \u00e9rdek\u00e9ben, hogy b\u00e1rmilyen \u00fcgyet b\u00e9k\u00e9s \u00faton oldjunk meg. \u2022 K\u00e9rj\u00fck, vegye figyelembe, hogy k\u00e9r\u00e9s\u00e9nek beny\u00fajt\u00e1s\u00e1val b\u00e1rmikor felveheti a kapcsolatot az adatv\u00e9delmi ElectricSun.de tisztvisel\u0151j\u00e9vel: \u2013 e-mailben: office@electricsun.de vagy \u2013 postai \u00faton vagy fut\u00e1rszolg\u00e1lattal a k\u00f6vetkez\u0151 helyen: Arad, postai ir\u00e1ny\u00edt\u00f3sz\u00e1m: 310212, Street Gorunului No. 12, Arad \u2013 az adatv\u00e9delmi tisztvisel\u0151 ElectricSun.de.<\/p><p>\u00a0<\/p><h3>A cookie-k haszn\u00e1lat\u00e1ra vonatkoz\u00f3 ir\u00e1nyelvek \u00e9s hasonl\u00f3 technol\u00f3gi\u00e1k<\/h3><p><strong>A https:\/\/www.ElectricSun.de webhely cookie-kat haszn\u00e1l. <\/strong><\/p><p><strong>Az oldal b\u00f6ng\u00e9sz\u00e9s\u00e9vel \u00f6n hozz\u00e1j\u00e1rul a cookie-k haszn\u00e1lat\u00e1hoz.<\/strong><\/p><p>Az al\u00e1bbi inform\u00e1ci\u00f3k c\u00e9lja, hogy t\u00e1j\u00e9koztassa a felhaszn\u00e1l\u00f3t a weboldal \u00e1ltal haszn\u00e1lt cookie-k elhelyez\u00e9s\u00e9r\u0151l, haszn\u00e1lat\u00e1r\u00f3l \u00e9s kezel\u00e9s\u00e9r\u0151l https:\/\/www.ElectricSun.de. Vagy m\u00e1s oldalakon az ElectricSun h\u00e1l\u00f3zatban. Van m\u00e9g n\u00e9h\u00e1ny hasznos linkeket ehhez a t\u00e9m\u00e1hoz. Ha tov\u00e1bbi inform\u00e1ci\u00f3ra van sz\u00fcks\u00e9ge, \u00e9s ezek nem tal\u00e1lhat\u00f3k meg az al\u00e1bbiakban, felveheti vel\u00fcnk a kapcsolatot a k\u00f6vetkez\u0151 telefonsz\u00e1mon: office@electricsun.de K\u00e9rj\u00fck, figyelmesen olvassa el az al\u00e1bbi inform\u00e1ci\u00f3kat: Ez a weboldal cookie-kat haszn\u00e1l, hogy a l\u00e1togat\u00f3k sokkal jobb b\u00f6ng\u00e9sz\u00e9si \u00e9lm\u00e9nyt \u00e9s szolg\u00e1ltat\u00e1sokat biztos\u00edtson mindenki ig\u00e9nyeinek \u00e9s \u00e9rdekl\u0151d\u00e9si k\u00f6r\u00e9nek megfelel\u0151en. Az \u00fagynevezett \"web 2.0\", \"cookie-k\" fontos szerepet j\u00e1tszanak a hozz\u00e1f\u00e9r\u00e9s megk\u00f6nny\u00edt\u00e9se \u00e9s a szolg\u00e1ltat\u00e1s ny\u00fajt\u00e1sa a sok szolg\u00e1ltat\u00e1s, hogy a felhaszn\u00e1l\u00f3 \u00e9lvezi az interneten, mint p\u00e9ld\u00e1ul: \u2022 Szem\u00e9lyre bizonyos be\u00e1ll\u00edt\u00e1sokat, mint p\u00e9ld\u00e1ul: a nyelvet, ahol a webhely n\u00e9zett, a valuta, amelyben bizonyos \u00e1rak vagy tarif\u00e1k fejezik ki, vezet\u00e9se lehet\u0151s\u00e9gek k\u00fcl\u00f6nb\u00f6z\u0151 term\u00e9kek (int\u00e9zked\u00e9sek, egy\u00e9b r\u00e9szletek, stb) a bev\u00e1s\u00e1rl\u00f3kos\u00e1rban (\u00e9s memoriz\u00e1l\u00e1sa ezeket a lehet\u0151s\u00e9geket) - \u00edgy gener\u00e1lva a rugalmass\u00e1got a \"bev\u00e1s\u00e1rl\u00f3kos\u00e1r\" (hozz\u00e1f\u00e9r\u00e9s a r\u00e9gi preferenci\u00e1k el\u00e9r\u00e9s\u00e9vel a gomb \"el\u0151tt\" \u00e9s \"vissza\") \u2022 A cookie-k \u00e9rt\u00e9kes visszajelz\u00e9st adnak a webhelytulajdonosoknak arr\u00f3l, hogy a felhaszn\u00e1l\u00f3k hogyan haszn\u00e1lj\u00e1k webhelyeiket, \u00edgy m\u00e9g hat\u00e9konyabb\u00e1 \u00e9s hozz\u00e1f\u00e9rhet\u0151bb\u00e9 tehetik azokat a felhaszn\u00e1l\u00f3k sz\u00e1m\u00e1ra. \u2022 Lehet\u0151v\u00e9 teszi a multim\u00e9di\u00e1s vagy m\u00e1s alkalmaz\u00e1sok m\u00e1s oldalakon is szerepel egy adott oldalon, hogy hozzon l\u00e9tre egy \u00e9rt\u00e9kes, hasznos \u00e9s \u00e9lvezetes b\u00f6ng\u00e9sz\u00e9si \u00e9lm\u00e9nyt; \u2022 Hat\u00e9konys\u00e1g\u00e1nak jav\u00edt\u00e1sa az online rekl\u00e1m.<\/p><p>\u00a0<\/p><p><strong>Mi az a s\u00fcti?<\/strong><\/p><p>Az \"Internetes cookie\" (m\u00e1s n\u00e9ven \"b\u00f6ng\u00e9sz\u0151cookie\" vagy \"HTTP cookie\" vagy egyszer\u0171en \"cookie\") egy kis f\u00e1jl, amely bet\u0171kb\u0151l \u00e9s sz\u00e1mokb\u00f3l \u00e1ll, \u00e9s amelyet annak a felhaszn\u00e1l\u00f3nak a sz\u00e1m\u00edt\u00f3g\u00e9p\u00e9n, mobil termin\u00e1lj\u00e1n vagy m\u00e1s berendez\u00e9s\u00e9n t\u00e1rolnak, akir\u0151l az internetet el\u00e9rhet\u0151. A cookie-t egy webszerver \u00e1ltal egy b\u00f6ng\u00e9sz\u0151nek (pl. Internet Explorer, Chrome) k\u00fcld\u00f6tt k\u00e9r\u00e9ssel telep\u00edtik, \u00e9s teljesen \"passz\u00edv\" (nem tartalmaz szoftvert, v\u00edrust vagy k\u00e9mprogramot, \u00e9s nem f\u00e9r hozz\u00e1 a felhaszn\u00e1l\u00f3 merevlemez\u00e9n tal\u00e1lhat\u00f3 inform\u00e1ci\u00f3khoz). A cookie k\u00e9t r\u00e9szb\u0151l \u00e1ll: a cookie nev\u00e9b\u0151l \u00e9s tartalm\u00e1b\u00f3l, illetve \u00e9rt\u00e9k\u00e9b\u0151l. Tov\u00e1bb\u00e1, a cookie id\u0151tartam\u00e1t hat\u00e1rozz\u00e1k meg; technikailag csak a cookie-t k\u00fcld\u0151 webszerver f\u00e9rhet hozz\u00e1 \u00fajra, amikor a felhaszn\u00e1l\u00f3 visszat\u00e9r az adott webszerverhez t\u00e1rs\u00edtott webhelyre. Maguk a cookie-k nem ig\u00e9nyelnek szem\u00e9lyes adatokat a haszn\u00e1lathoz, \u00e9s a legt\u00f6bb esetben nem azonos\u00edtj\u00e1k szem\u00e9lyesen az internethaszn\u00e1l\u00f3kat. \u2022 Munkamenet-cookie-k \u2013 ezek ideiglenesen a webb\u00f6ng\u00e9sz\u0151 cookie mapp\u00e1j\u00e1ban t\u00e1rol\u00f3dnak, \u00edgy t\u00e1rolhatja \u0151ket, am\u00edg a felhaszn\u00e1l\u00f3 el nem hagyja a weboldalt, vagy be nem z\u00e1rja a b\u00f6ng\u00e9sz\u0151ablakot (pl. a webmail fi\u00f3kba vagy a k\u00f6z\u00f6ss\u00e9gi h\u00e1l\u00f3zatokra val\u00f3 bejelentkez\u00e9s\/kijelentkez\u00e9s id\u0151pontj\u00e1ban) \u2022 \u00c1lland\u00f3 cookie-k \u2013 Ezek a sz\u00e1m\u00edt\u00f3g\u00e9p vagy berendez\u00e9s merevlemez\u00e9n t\u00e1rol\u00f3dnak (\u00e9s \u00e1ltal\u00e1ban a cookie el\u0151re be\u00e1ll\u00edtott \u00e9lettartam\u00e1t\u00f3l f\u00fcggenek). Az \u00e1lland\u00f3 cookie-k magukban foglalj\u00e1k azokat is, amelyeket a felhaszn\u00e1l\u00f3 \u00e1ltal abban az id\u0151ben megl\u00e1togatott webhelyt\u0151l elt\u00e9r\u0151 weboldal helyez el \u2013 az \u00fagynevezett \"harmadik f\u00e9lt\u0151l sz\u00e1rmaz\u00f3 cookie-kat\", amelyek n\u00e9vtelen\u00fcl haszn\u00e1lhat\u00f3k a felhaszn\u00e1l\u00f3 \u00e9rdekeinek feljegyz\u00e9s\u00e9re, hogy a hirdet\u00e9sek a lehet\u0151 legrelev\u00e1nsabbak legyenek a felhaszn\u00e1l\u00f3k sz\u00e1m\u00e1ra.<\/p><p>\u00a0<\/p><p><strong>Milyen el\u0151nyei vannak a cookie-knak? <\/strong><\/p><p>A cookie olyan inform\u00e1ci\u00f3kat tartalmaz, amelyek egy webb\u00f6ng\u00e9sz\u0151t (felhaszn\u00e1l\u00f3t) kapcsolnak egy adott webszerverhez (weboldalhoz). Ha egy b\u00f6ng\u00e9sz\u0151 ism\u00e9t hozz\u00e1f\u00e9r a webkiszolg\u00e1l\u00f3hoz, el tudja olvasni a m\u00e1r t\u00e1rolt adatokat, \u00e9s ennek megfelel\u0151en reag\u00e1lhat. A cookie-k kellemes b\u00f6ng\u00e9sz\u00e9si \u00e9lm\u00e9nyt ny\u00fajtanak a felhaszn\u00e1l\u00f3knak, \u00e9s sz\u00e1mos weboldal er\u0151fesz\u00edt\u00e9seit t\u00e1mogatj\u00e1k, hogy k\u00e9nyelmes szolg\u00e1ltat\u00e1sokat ny\u00fajtsanak a felhaszn\u00e1l\u00f3knak: pl. online adatv\u00e9delmi preferenci\u00e1k, weboldal nyelvi lehet\u0151s\u00e9gek, bev\u00e1s\u00e1rl\u00f3kocsik vagy relev\u00e1ns hirdet\u00e9sek.<\/p><p>\u00a0<\/p><p><strong>Mi az \u00e9let egy cookie-t?<\/strong><\/p><p>A cookie-kat webszerverek kezelik. A cookie \u00e9lettartama jelent\u0151sen v\u00e1ltozhat, att\u00f3l f\u00fcgg\u0151en, hogy milyen c\u00e9lra helyezik el. Egyes cookie-kat kiz\u00e1r\u00f3lag egyetlen munkamenetre haszn\u00e1lnak (munkamenet-cookie-k), \u00e9s a tov\u00e1bbiakban nem \u0151rz\u0151dnek meg, ha a felhaszn\u00e1l\u00f3 elhagyta a weboldalt, \u00e9s egyes cookie-kat megtartanak \u00e9s \u00fajra felhaszn\u00e1lnak minden alkalommal, amikor a felhaszn\u00e1l\u00f3 visszat\u00e9r az adott webhelyre (\"\u00e1lland\u00f3 cookie-k\"). A cookie-kat azonban a felhaszn\u00e1l\u00f3 b\u00e1rmikor t\u00f6r\u00f6lheti a b\u00f6ng\u00e9sz\u0151 be\u00e1ll\u00edt\u00e1saiban.<\/p><p>\u00a0<\/p><p><strong>Mik azok a harmadik f\u00e9lt\u0151l sz\u00e1rmaz\u00f3 cookie-k?<\/strong><\/p><p>Egyes webhelyeken a tartalom bizonyos szakaszait harmadik feleken\/szolg\u00e1ltat\u00f3kon kereszt\u00fcl is biztos\u00edthatjuk (pl. h\u00edrdoboz, vide\u00f3 vagy hirdet\u00e9s). Ezek a harmadik felek a weboldalon kereszt\u00fcl is helyezhetnek el cookie-kat, \u00e9s \"harmadik f\u00e9lt\u0151l sz\u00e1rmaz\u00f3 cookie-knak\" nevezz\u00fck \u0151ket, mivel azokat nem az adott webhely tulajdonosa helyezi el. A harmadik f\u00e9l szolg\u00e1ltat\u00f3knak be kell tartaniuk a webhely tulajdonos\u00e1nak vonatkoz\u00f3 t\u00f6rv\u00e9nyeit \u00e9s adatv\u00e9delmi ir\u00e1nyelveit is.<\/p><p>\u00a0<\/p><p><strong>Hogyan haszn\u00e1lja a cookie-kat ezen az oldalon<\/strong><\/p><p>Az ezen az oldalon tett l\u00e1togat\u00e1s cookie-kat helyezhet el a k\u00f6vetkez\u0151 c\u00e9lokra:<\/p><p>\u2022 Site teljes\u00edtm\u00e9ny cookie-k<\/p><p>\u2022 L\u00e1togat\u00f3elemz\u0151 cookie-k<\/p><p>\u2022 Cookie-k a geotargetting<\/p><p>\u2022 Regisztr\u00e1ci\u00f3s cookie-k<\/p><p>\u2022 Hirdet\u00e9si cookie-k<\/p><p>\u2022 Rekl\u00e1mszolg\u00e1ltat\u00f3 cookie-k Ezek a cookie-k harmadik felekt\u0151l sz\u00e1rmazhatnak.<\/p><p>\u00a0<\/p><p><strong>Teljes\u00edtm\u00e9ny cookie-k<\/strong><\/p><p>Az ilyen t\u00edpus\u00fa cookie megtartja a felhaszn\u00e1l\u00f3 preferenci\u00e1it ezen az oldalon, \u00edgy nem kell be\u00e1ll\u00edtani \u0151ket minden alkalommal, amikor megl\u00e1togatja az oldalt. P\u00e9ld\u00e1k: \u2022 Hanger\u0151 be\u00e1ll\u00edt\u00e1sok vide\u00f3 lej\u00e1tsz\u00f3 \u2022 a sebess\u00e9g a vide\u00f3 streaming, amellyel a b\u00f6ng\u00e9sz\u0151 kompatibilis<\/p><p>\u00a0<\/p><p><strong>Cookie-k l\u00e1togat\u00f3elemz\u00e9shez<\/strong><\/p><p>Minden alkalommal, amikor egy felhaszn\u00e1l\u00f3 megl\u00e1togatja ezt a webhelyet, a harmadik f\u00e9l \u00e1ltal biztos\u00edtott analitikai szoftver cookie-t hoz l\u00e9tre a felhaszn\u00e1l\u00f3 elemz\u00e9s\u00e9hez. Ez a cookie jelzi, ha m\u00e1r j\u00e1rt ezen az oldalon kor\u00e1bban. A b\u00f6ng\u00e9sz\u0151 megmondja nek\u00fcnk, ha van ez a cookie, \u00e9s ha nem, akkor l\u00e9trehoz egy. Ez lehet\u0151v\u00e9 teszi, hogy figyelemmel k\u00eds\u00e9ri az egyedi felhaszn\u00e1l\u00f3k, akik megl\u00e1togatnak minket, \u00e9s milyen gyakran csin\u00e1lj\u00e1k. Mindaddig, am\u00edg \u00f6n nincs regisztr\u00e1lva ezen az oldalon, ez a cookie nem haszn\u00e1lhat\u00f3 egy\u00e9nek azonos\u00edt\u00e1s\u00e1ra, csak statisztikai c\u00e9lokra haszn\u00e1lj\u00e1k \u0151ket. Ha \u00f6n regisztr\u00e1lva van, akkor az \u00d6n \u00e1ltal megadott adatokat is ismerhetj\u00fck, p\u00e9ld\u00e1ul az e-mail c\u00edm\u00e9t \u00e9s a felhaszn\u00e1l\u00f3nev\u00e9t , amelyek bizalmasan kezelnek, valamint az \u00c1ltal\u00e1nos Szerz\u0151d\u00e9si Felt\u00e9telek, az Adatv\u00e9delmi szab\u00e1lyzat \u00e9s a szem\u00e9lyes adatok v\u00e9delm\u00e9re vonatkoz\u00f3 jogszab\u00e1lyok rendelkez\u00e9sei.<\/p><p>\u00a0<\/p><p><strong>Cookie-k ezekhez<\/strong><\/p><p>Ezeket a cookie-kat egy olyan szoftver haszn\u00e1lja, amely meghat\u00e1rozza, hogy melyik orsz\u00e1gb\u00f3l sz\u00e1rmazik. Ez teljesen n\u00e9vtelen, \u00e9s csak a c\u00e9l tartalom - akkor is, ha az oldalunkon rom\u00e1n vagy m\u00e1s nyelven megkapja ugyanazt a hirdet\u00e9st.<\/p><p>\u00a0<\/p><p><strong>Cookie-k a regisztr\u00e1ci\u00f3hoz<\/strong><\/p><p>Amikor regisztr\u00e1l ezen az oldalon, l\u00e9trehozunk egy cookie-t, amely megmondja nek\u00fcnk, hogy regisztr\u00e1lt-e vagy sem. Szervereink ezeket a cookie-kat haszn\u00e1lj\u00e1k, hogy megmutass\u00e1k nek\u00fcnk a fi\u00f3kot, amelyen regisztr\u00e1lt, \u00e9s ha \u00f6n rendelkezik enged\u00e9llyel egy adott szolg\u00e1ltat\u00e1shoz. Azt is lehet\u0151v\u00e9 teszi sz\u00e1munkra, hogy t\u00e1rs\u00edtani \u00e9szrev\u00e9teleit tegye a honlapunkon a felhaszn\u00e1l\u00f3nev\u00e9t. Ha nem v\u00e1lasztotta ki a \"keep me registered\" lehet\u0151s\u00e9get, akkor ez a cookie automatikusan t\u00f6rl\u0151dik, amikor bez\u00e1rja b\u00f6ng\u00e9sz\u0151j\u00e9t vagy sz\u00e1m\u00edt\u00f3g\u00e9p\u00e9t.<\/p><p>\u00a0<\/p><p><strong>Hirdet\u00e9si cookie-k<\/strong><\/p><p>Ezek a cookie-k lehet\u0151v\u00e9 teszik sz\u00e1munkra, hogy megtudjuk, megtekintett-e egy online hirdet\u00e9st, milyen t\u00edpus\u00fa, \u00e9s mennyi id\u0151 telt el az\u00f3ta, hogy \u00f6n l\u00e1tta a hirdet\u00e9si \u00fczenetet. Ezeket a cookie-kat az online hirdet\u00e9sek c\u00e9lz\u00e1s\u00e1ra is haszn\u00e1lj\u00e1k. Harmadik f\u00e9lt\u0151l sz\u00e1rmaz\u00f3 cookie-kat is haszn\u00e1lhatunk a hirdet\u00e9sek c\u00e9lzottabb\u00e1 t\u00e9tel\u00e9hez, p\u00e9ld\u00e1ul a nyaral\u00e1si hirdet\u00e9sek megjelen\u00edt\u00e9s\u00e9hez, ha a felhaszn\u00e1l\u00f3 nemr\u00e9g felkeresett egy cikket a webhelyen a nyaral\u00e1sokr\u00f3l. Ezek a cookie-k n\u00e9vtelenek, a megtekintett tartalommal kapcsolatos inform\u00e1ci\u00f3kat t\u00e1rolj\u00e1k, nem a felhaszn\u00e1l\u00f3kr\u00f3l. Az \u00e1ltalunk rekl\u00e1mozott m\u00e1s webhelyeken kereszt\u00fcl is be\u00e1ll\u00edtunk n\u00e9vtelen cookie-kat. Fogad\u00e1s\u00e1val felhaszn\u00e1lhatjuk \u0151ket arra, hogy felismerj\u00fck \u00d6nt, mint az adott webhely l\u00e1togat\u00f3j\u00e1t, ha k\u00e9s\u0151bb megl\u00e1togatja weboldalunkat, ezen inform\u00e1ci\u00f3k alapj\u00e1n k\u00e9pesek lesz\u00fcnk hirdet\u00e9seket biztos\u00edtani.<\/p><p>\u00a0<\/p><p><strong>Rekl\u00e1mszolg\u00e1ltat\u00f3 cookie-jai<\/strong><\/p><p>Sok a rekl\u00e1m tal\u00e1l ezen az oldalon tartozik harmadik f\u00e9l. N\u00e9h\u00e1ny ilyen f\u00e9l saj\u00e1t n\u00e9vtelen cookie-kat haszn\u00e1l annak elemz\u00e9s\u00e9re, hogy h\u00e1ny ember volt kit\u00e9ve egy hirdet\u00e9si \u00fczenetnek, vagy hogy h\u00e1nyan voltak kit\u00e9ve ugyanannak a hirdet\u00e9snek t\u00f6bbsz\u00f6r.A cookie-kat gener\u00e1l\u00f3 v\u00e1llalatok saj\u00e1t adatv\u00e9delmi szab\u00e1lyzattal rendelkeznek, \u00e9s ez az oldal nem f\u00e9r hozz\u00e1 ezekhez a cookie-khoz. A harmadik f\u00e9lt\u0151l sz\u00e1rmaz\u00f3 cookie-k seg\u00edts\u00e9g\u00e9vel az \u00d6n m\u00e1s webhelyeken t\u00f6rt\u00e9n\u0151 hirdet\u00e9seket jelen\u00edthet meg, az ezen az oldalon val\u00f3 b\u00f6ng\u00e9sz\u00e9se alapj\u00e1n.<\/p><p>\u00a0<\/p><p><strong>E<\/strong><strong style=\"font-size: 16px; color: var( --e-global-color-text );\">gy\u00e9b harmadik f\u00e9lt\u0151l sz\u00e1rmaz\u00f3 cookie-k<\/strong><\/p><p><span style=\"font-size: 16px; color: var( --e-global-color-text );\">Egyes oldalakon harmadik felek saj\u00e1t n\u00e9vtelen cookie-kat \u00e1ll\u00edthatnak be az alkalmaz\u00e1s siker\u00e9nek nyomon k\u00f6vet\u00e9s\u00e9re vagy egy alkalmaz\u00e1s testreszab\u00e1s\u00e1ra. A haszn\u00e1lat m\u00f3dja miatt ez az oldal nem f\u00e9r hozz\u00e1 ezekhez a cookie-khoz, ahogy harmadik felek sem f\u00e9rhetnek hozz\u00e1 az oldal tulajdon\u00e1ban l\u00e9v\u0151 cookie-khoz. Ha p\u00e9ld\u00e1ul megoszt egy cikket a k\u00f6z\u00f6ss\u00e9gi h\u00e1l\u00f3zat gombbal ezen a webhelyen, az a k\u00f6z\u00f6ss\u00e9gi h\u00e1l\u00f3zat r\u00f6gz\u00edti az \u00d6n tev\u00e9kenys\u00e9g\u00e9t. <\/span><\/p><p>\u00a0<\/p><p><strong style=\"font-size: 16px; color: var( --e-global-color-text );\">Milyen t\u00edpus\u00fa inform\u00e1ci\u00f3kat t\u00e1rolunk \u00e9s \u00e9rhet\u00fcnk el cookie-kon kereszt\u00fcl?<\/strong><\/p><p><span style=\"font-size: 16px; color: var( --e-global-color-text );\">A cookie-k egy kis sz\u00f6veges f\u00e1jlban tartj\u00e1k az inform\u00e1ci\u00f3kat, amely lehet\u0151v\u00e9 teszi, hogy a webhely felismerje a b\u00f6ng\u00e9sz\u0151t. A webszerver felismeri a b\u00f6ng\u00e9sz\u0151t, am\u00edg a cookie lej\u00e1r, vagy t\u00f6rlik. A cookie olyan fontos inform\u00e1ci\u00f3kat t\u00e1rol, amelyek jav\u00edtj\u00e1k az internetes b\u00f6ng\u00e9sz\u00e9si \u00e9lm\u00e9nyt (pl. olyan nyelvi be\u00e1ll\u00edt\u00e1sok, amelyeken egy webhelyet hozz\u00e1 szeretne f\u00e9rni; a felhaszn\u00e1l\u00f3 nak a webmail fi\u00f3kj\u00e1ba bejelentkezve tart\u00e1sa; online banki biztons\u00e1g; term\u00e9kek tart\u00e1sa a bev\u00e1s\u00e1rl\u00f3kos\u00e1rban) <\/span><\/p><p>\u00a0<\/p><p><strong style=\"font-size: 16px; color: var( --e-global-color-text );\">Mi\u00e9rt fontosak a cookie-k az internet sz\u00e1m\u00e1ra?<\/strong><\/p><p><span style=\"font-size: 16px; color: var( --e-global-color-text );\">A cookie-k az internet hat\u00e9kony m\u0171k\u00f6d\u00e9s\u00e9nek k\u00f6z\u00e9ppontj\u00e1ban \u00e1llnak, \u00e9s seg\u00edtenek az egyes felhaszn\u00e1l\u00f3k preferenci\u00e1ihoz \u00e9s \u00e9rdekl\u0151d\u00e9si k\u00f6r\u00e9hez igaz\u00edtott felhaszn\u00e1l\u00f3bar\u00e1t b\u00f6ng\u00e9sz\u00e9si \u00e9lm\u00e9nyt l\u00e9trehozni. A cookie-k elutas\u00edt\u00e1sa vagy letilt\u00e1sa egyes webhelyek haszn\u00e1lat\u00e1t lehetetlenn\u00e9 teheti. A cookie-k elutas\u00edt\u00e1sa vagy letilt\u00e1sa nem jelenti azt, hogy \u00f6n a tov\u00e1bbiakban nem kap online hirdet\u00e9seket \u2013 csak azt, hogy t\u00f6bb\u00e9 nem tudja figyelembe venni az \u00d6n preferenci\u00e1it \u00e9s \u00e9rdekl\u0151d\u00e9si k\u00f6r\u00e9t, amit a b\u00f6ng\u00e9sz\u00e9si viselked\u00e9se is kiemelt. P\u00e9ld\u00e1k a cookie-k fontos haszn\u00e1lat\u00e1ra (amelyek nem ig\u00e9nylik a felhaszn\u00e1l\u00f3 fi\u00f3kon kereszt\u00fcli hiteles\u00edt\u00e9s\u00e9t): \u2022 A felhaszn\u00e1l\u00f3 preferenci\u00e1ihoz igaz\u00edtott tartalom \u00e9s szolg\u00e1ltat\u00e1sok \u2013 h\u00edrek, id\u0151j\u00e1r\u00e1s, sport, t\u00e9rk\u00e9pek, \u00e1llami \u00e9s korm\u00e1nyzati szolg\u00e1ltat\u00e1sok, sz\u00f3rakoztat\u00f3 oldalak \u00e9s utaz\u00e1si szolg\u00e1ltat\u00e1sok kateg\u00f3ri\u00e1i. \u2022 A felhaszn\u00e1l\u00f3k \u00e9rdekl\u0151d\u00e9si k\u00f6r\u00e9re szabott aj\u00e1nlatok \u2013 jelsz\u00f3megtart\u00e1s, nyelvi preferenci\u00e1k (pl. a keres\u00e9si eredm\u00e9nyek megjelen\u00edt\u00e9se rom\u00e1n nyelven). \u2022 Meg\u0151rz\u00e9se gyermekv\u00e9delmi sz\u0171r\u0151k internetes tartalom (csal\u00e1di m\u00f3d lehet\u0151s\u00e9gek, biztons\u00e1gos keres\u00e9si funkci\u00f3k) \u2022 Korl\u00e1tozza a hirdet\u00e9smegjelen\u00edt\u00e9s gyakoris\u00e1g\u00e1t \u2013 korl\u00e1tozza, hogy egy hirdet\u00e9s h\u00e1nyszor \u00e9r el egy adott felhaszn\u00e1l\u00f3t egy webhelyen. \u2022 Relev\u00e1nsabb rekl\u00e1m ny\u00fajt\u00e1sa a felhaszn\u00e1l\u00f3 sz\u00e1m\u00e1ra. \u2022 M\u00e9r\u00e9s, optimaliz\u00e1l\u00e1s \u00e9s az analitika jellemz\u0151i \u2013 p\u00e9ld\u00e1ul egy weboldal bizonyos szint\u0171 forgalm\u00e1nak meger\u0151s\u00edt\u00e9se, a tartalom megtekint\u00e9se milyen t\u00edpus\u00fa \u00e9s hogyan \u00e9rkezik meg a felhaszn\u00e1l\u00f3 egy weboldalra (pl. keres\u0151motorokon kereszt\u00fcl, k\u00f6zvetlen\u00fcl, m\u00e1s weboldalakr\u00f3l stb.). A weboldalak ezeket az elemz\u00e9seket a haszn\u00e1latukr\u00f3l a felhaszn\u00e1l\u00f3k jav\u00e1ra t\u00f6rt\u00e9n\u0151 weboldalak jav\u00edt\u00e1sa \u00e9rdek\u00e9ben v\u00e9gzik. <\/span><\/p><p>\u00a0<\/p><p><strong style=\"font-size: 16px; color: var( --e-global-color-text );\">Biztons\u00e1gi \u00e9s adatv\u00e9delmi k\u00e9rd\u00e9sek<\/strong><\/p><p><span style=\"font-size: 16px; color: var( --e-global-color-text );\">A cookie-k NEM v\u00edrusok! Egyszer\u0171 sz\u00f6veges form\u00e1tumokat haszn\u00e1lnak. Nem k\u00f3ddarabokb\u00f3l \u00e1llnak, \u00edgy nem lehet \u0151ket v\u00e9grehajtani, vagy nem lehet \u0151ket \u00f6n\u00e1ll\u00f3an vezetni. Ez\u00e9rt m\u00e1s h\u00e1l\u00f3zatokon nem kett\u0151zhet vagy replik\u00e1lhat\u00f3 \u00fajra futtathat\u00f3 vagy replik\u00e1l\u00f3dhat. Mivel ezeket a funkci\u00f3kat nem tudj\u00e1k v\u00e9grehajtani, nem tekinthet\u0151k v\u00edrusoknak. A cookie-k tov\u00e1bbra is haszn\u00e1lhat\u00f3k negat\u00edv c\u00e9lokra. Mivel inform\u00e1ci\u00f3kat t\u00e1rol a felhaszn\u00e1l\u00f3k preferenci\u00e1ir\u00f3l \u00e9s b\u00f6ng\u00e9sz\u00e9si el\u0151zm\u00e9nyeir\u0151l, mind egy adott webhelyen, mind sz\u00e1mos m\u00e1s webhelyen, a cookie-k a k\u00e9mprogramok egy form\u00e1jak\u00e9nt haszn\u00e1lhat\u00f3k. Sok k\u00e9mprogram-elh\u00e1r\u00edt\u00f3 term\u00e9k tudat\u00e1ban van ennek a t\u00e9nynek, \u00e9s folyamatosan megjel\u00f6li a v\u00edrus-v\u00edrus\/k\u00e9mprogram-elt\u00e1vol\u00edt\u00f3\/k\u00e9mprogram-elt\u00e1vol\u00edt\u00e1si\/-szkennel\u00e9si elj\u00e1r\u00e1sok r\u00e9szek\u00e9nt t\u00f6r\u00f6lt cookie-kat. \u00c1ltal\u00e1noss\u00e1gban elmondhat\u00f3, hogy a b\u00f6ng\u00e9sz\u0151k be\u00e9p\u00edtett adatv\u00e9delmi be\u00e1ll\u00edt\u00e1sokkal rendelkeznek, amelyek k\u00fcl\u00f6nb\u00f6z\u0151 szint\u0171 cookie-elfogad\u00e1st, eltarthat\u00f3s\u00e1gi id\u0151t \u00e9s automatikus t\u00f6rl\u00e9st biztos\u00edtanak, miut\u00e1n a felhaszn\u00e1l\u00f3 megl\u00e1togatott egy adott webhelyet. <\/span><\/p><p>\u00a0<\/p><p><strong style=\"font-size: 16px; color: var( --e-global-color-text );\">A cookie-kkal kapcsolatos egy\u00e9b biztons\u00e1gi probl\u00e9m\u00e1k<\/strong><\/p><p><span style=\"font-size: 16px; color: var( --e-global-color-text );\">Mivel az identit\u00e1sv\u00e9delem nagyon \u00e9rt\u00e9kes, \u00e9s minden internetfelhaszn\u00e1l\u00f3 jog\u00e1t jelenti, tan\u00e1csos tudni, hogy a cookie-k milyen probl\u00e9m\u00e1kat okozhatnak. Mivel a b\u00f6ng\u00e9sz\u0151 \u00e9s a webhely k\u00f6z\u00f6tt mindk\u00e9t ir\u00e1nyban folyamatosan tov\u00e1bb\u00edtj\u00e1k az adatokat, ha egy t\u00e1mad\u00f3 vagy illet\u00e9ktelen szem\u00e9ly beavatkozik az adatok tov\u00e1bb\u00edt\u00e1s\u00e1ba, a cookie-ban tal\u00e1lhat\u00f3 inform\u00e1ci\u00f3k elfoghat\u00f3k. B\u00e1r nagyon ritk\u00e1n ez akkor fordulhat el\u0151, ha a b\u00f6ng\u00e9sz\u0151 titkos\u00edtatlan h\u00e1l\u00f3zaton kereszt\u00fcl csatlakozik a kiszolg\u00e1l\u00f3hoz (pl. nem biztons\u00e1gos WiFi-h\u00e1l\u00f3zat). M\u00e1s cookie-alap\u00fa t\u00e1mad\u00e1sok rossz cookie-be\u00e1ll\u00edt\u00e1sokat tartalmaznak a szervereken. Ha egy webhely <\/span><strong style=\"font-size: 16px; color: var( --e-global-color-text );\">nem k\u00f6veteli meg a b\u00f6ng\u00e9sz\u0151t\u0151l, hogy csak titkos\u00edtott csatorn\u00e1kat haszn\u00e1ljon, a t\u00e1mad\u00f3k a biztons\u00e1gi r\u00e9s seg\u00edts\u00e9g\u00e9vel r\u00e1vehetik a b\u00f6ng\u00e9sz\u0151ket, hogy<\/strong><span style=\"font-size: 16px; color: var( --e-global-color-text );\"> nem biztons\u00e1gos csatorn\u00e1kon kereszt\u00fcl k\u00fcldjenek adatokat. A t\u00e1mad\u00f3k ezut\u00e1n az adatokat bizonyos webhelyekhez val\u00f3 jogosulatlan hozz\u00e1f\u00e9r\u00e9sre haszn\u00e1lj\u00e1k. Nagyon fontos, hogy legyen \u00f3vatos a szem\u00e9lyes adatok v\u00e9delm\u00e9nek legmegfelel\u0151bb m\u00f3dj\u00e1nak kiv\u00e1laszt\u00e1s\u00e1ban. <\/span><\/p><p>\u00a0<\/p><p><strong style=\"font-size: 16px; color: var( --e-global-color-text );\">Tippek a biztons\u00e1gos \u00e9s felel\u0151s cookie-alap\u00fa b\u00f6ng\u00e9sz\u00e9shez.<\/strong><span style=\"font-size: 16px; color: var( --e-global-color-text );\"> Rugalmass\u00e1guknak \u00e9s annak k\u00f6sz\u00f6nhet\u0151en, hogy a legt\u00f6bb legl\u00e1togatottabb \u00e9s legnagyobb webhely cookie-t haszn\u00e1l, szinte elker\u00fclhetetlenek. A cookie-k letilt\u00e1sa nem teszi lehet\u0151v\u00e9 a felhaszn\u00e1l\u00f3 sz\u00e1m\u00e1ra a legsz\u00e9lesebb k\u00f6rben haszn\u00e1lt webhelyekhez val\u00f3 hozz\u00e1f\u00e9r\u00e9st, bele\u00e9rtve a Youtube-ot, a Gmailt, a Yahoo-t \u00e9s m\u00e1sokat. \u00cdme n\u00e9h\u00e1ny tipp, amely biztos\u00edtja \u00d6nt arr\u00f3l, hogy ne agg\u00f3djon, hanem a cookie-k seg\u00edts\u00e9g\u00e9vel: \u2022 Testre szabhatja a b\u00f6ng\u00e9sz\u0151 cookie-be\u00e1ll\u00edt\u00e1sait, hogy t\u00fckr\u00f6zze a cookie-k biztons\u00e1g\u00e1nak k\u00e9nyelmes szintj\u00e9t \u2022 Ha nem b\u00e1nja a cookie-kat, \u00e9s \u00f6n az egyetlen, aki haszn\u00e1lja a sz\u00e1m\u00edt\u00f3g\u00e9pet, be\u00e1ll\u00edthatja a h\u00f3nap idej\u00e9t a b\u00f6ng\u00e9sz\u00e9si el\u0151zm\u00e9nyek \u00e9s a szem\u00e9lyes hozz\u00e1f\u00e9r\u00e9si adatok t\u00e1rol\u00e1s\u00e1ra. \u2022 Ha megosztja a hozz\u00e1f\u00e9r\u00e9st a sz\u00e1m\u00edt\u00f3g\u00e9phez, be\u00e1ll\u00edthatja a b\u00f6ng\u00e9sz\u0151t, hogy t\u00f6r\u00f6lje az egyes b\u00f6ng\u00e9sz\u00e9si adatokat minden alkalommal, amikor bez\u00e1rja a b\u00f6ng\u00e9sz\u0151t. \u00cdgy \u00e9rheti el azokat a webhelyeket, amelyek cookie-kat helyeznek el, \u00e9s t\u00f6rlik a l\u00e1togat\u00e1si inform\u00e1ci\u00f3kat a b\u00f6ng\u00e9sz\u00e9si munkamenet v\u00e9g\u00e9n. \u2022 Telep\u00edtse \u00e9s folyamatosan friss\u00edtse a k\u00e9mprogram-elh\u00e1r\u00edt\u00f3 alkalmaz\u00e1sokat. Sz\u00e1mos k\u00e9mprogram-\u00e9szlel\u0151 \u00e9s -megel\u0151z\u00e9si alkalmaz\u00e1s tartalmazza a t\u00e1mad\u00e1sok webhely\u00e9szlel\u00e9s\u00e9t. Ez megakad\u00e1lyozza, hogy a b\u00f6ng\u00e9sz\u0151 hozz\u00e1f\u00e9rjen olyan webhelyekhez, amelyek kihaszn\u00e1lj\u00e1k a b\u00f6ng\u00e9sz\u0151 biztons\u00e1gi r\u00e9seit, vagy vesz\u00e9lyes szoftvereket t\u00f6lthetnek le. <\/span><\/p><p>\u00a0<\/p><p><strong style=\"font-size: 16px; color: var( --e-global-color-text );\">Gy\u0151z\u0151dj\u00f6n meg arr\u00f3l, hogy a b\u00f6ng\u00e9sz\u0151 mindig naprak\u00e9sz.<\/strong><span style=\"font-size: 16px; color: var( --e-global-color-text );\"> A cookie-alap\u00fa t\u00e1mad\u00e1sok k\u00f6z\u00fcl sokat a b\u00f6ng\u00e9sz\u0151k r\u00e9gi verzi\u00f3inak gyenges\u00e9gei kihaszn\u00e1l\u00e1s\u00e1val hajtanak v\u00e9gre. A cookie-k mindenhol megtal\u00e1lhat\u00f3k, \u00e9s nem ker\u00fclhet\u0151k el, ha az internet legjobb \u00e9s legnagyobb webhelyeihez szeretn\u00e9 biztos\u00edtani a hozz\u00e1f\u00e9r\u00e9st \u2013 helyi vagy nemzetk\u00f6zi szinten. A m\u0171k\u00f6d\u00e9s\u00fck \u00e9s az \u00e1ltaluk ny\u00fajtott el\u0151ny\u00f6k vil\u00e1gos meg\u00e9rt\u00e9s\u00e9vel megteheti a sz\u00fcks\u00e9ges biztons\u00e1gi int\u00e9zked\u00e9seket, hogy magabiztosan b\u00f6ng\u00e9szhessen az interneten. <\/span><\/p><p>\u00a0<\/p><p><strong>Hogyan \u00e1ll\u00edthatom le a cookie-kat?<\/strong><\/p><p>A cookie-k letilt\u00e1sa \u00e9s fogad\u00e1s\u00e1nak megtagad\u00e1sa bizonyos webhelyeket nem praktikuss\u00e1 vagy nehezen l\u00e1togathat\u00f3v\u00e1 vagy nehezen haszn\u00e1lhat\u00f3v\u00e1 teheti. Tov\u00e1bb\u00e1, a cookie-k elfogad\u00e1s\u00e1nak megtagad\u00e1sa nem jelenti azt, hogy a tov\u00e1bbiakban nem kap\/l\u00e1t online hirdet\u00e9seket. Ezeket a cookie-kat \u00fagy \u00e1ll\u00edthatja be a b\u00f6ng\u00e9sz\u0151j\u00e9ben, hogy ne legyenek t\u00e1mogatottak, vagy be\u00e1ll\u00edthatja, hogy a b\u00f6ng\u00e9sz\u0151 elfogadja a cookie-kat egy adott webhelyr\u0151l. Ha azonban nem cookie-k haszn\u00e1lat\u00e1val regisztr\u00e1lt, nem tud megjegyz\u00e9seket f\u0171zni. Minden modern b\u00f6ng\u00e9sz\u0151 lehet\u0151s\u00e9get k\u00edn\u00e1l a cookie-be\u00e1ll\u00edt\u00e1sok m\u00f3dos\u00edt\u00e1s\u00e1ra. Ezek a be\u00e1ll\u00edt\u00e1sok \u00e1ltal\u00e1ban a b\u00f6ng\u00e9sz\u0151 \"be\u00e1ll\u00edt\u00e1sok\" men\u00fcj\u00e9ben vagy a \"be\u00e1ll\u00edt\u00e1sok\" men\u00fcben tal\u00e1lhat\u00f3k. Ahhoz, hogy meg\u00e9rts\u00fck ezeket a be\u00e1ll\u00edt\u00e1sokat, a k\u00f6vetkez\u0151 linkek hasznosak lehetnek, k\u00fcl\u00f6nben haszn\u00e1lhatja a b\u00f6ng\u00e9sz\u0151 \"s\u00fag\u00f3\" opci\u00f3 tov\u00e1bbi r\u00e9szletek\u00e9rt.<\/p><p>\u2022 Cookie-be\u00e1ll\u00edt\u00e1sok az Internet Explorerben<\/p><p>\u2022 Cookie-be\u00e1ll\u00edt\u00e1sok a Firefoxban \u2022 Cookie-be\u00e1ll\u00edt\u00e1sok a Chrome-ban<\/p><p>\u2022 Cookie-be\u00e1ll\u00edt\u00e1sok a Safariban A harmadik felek \u00e1ltal gener\u00e1lt cookie-be\u00e1ll\u00edt\u00e1sokr\u00f3l a k\u00f6vetkez\u0151 weboldalon is t\u00e1j\u00e9koz\u00f3dhat: <a href=\"https:\/\/www.youronlinechoices.com\/ro\/\" rel=\"nofollow noopener\" target=\"_blank\">https:\/\/www.youronlinechoices.com\/ro\/<\/a> IAB Rom\u00e1nia biztos\u00edtja a k\u00f6vetkez\u0151 oldalon, hogy t\u00f6bb inform\u00e1ci\u00f3t adatv\u00e9delmi kapcsolatos online rekl\u00e1m: <a href=\"https:\/\/www.youronlinechoices.com\/ro\/\" rel=\"nofollow noopener\" target=\"_blank\">https:\/\/www.youronlinechoices.com\/ro\/<\/a> Tov\u00e1bbi r\u00e9szleteket kapcsolatos adatv\u00e9delmi k\u00e9rd\u00e9sek, akkor is el\u00e9rheti az al\u00e1bbi linkeket: \u2022 <a href=\"https:\/\/www.dreptonline.ro\/legislatie\/oug_13_2012_modificare_prelucrare_date_caracter_personal_protectia_vietii_private_comunicatii_electronice.php\" rel=\"nofollow noopener\" target=\"_blank\">https:\/\/www.dreptonline.ro\/legislatie\/oug_13_2012_modificare_prelucrare_date_caracter_personal_protectia_vietii_private_comunicatii_electronice.php<\/a> \u2022 <a href=\"www.youronlinechoices.eu\/ro\">www.youronlinechoices.eu\/ro<\/a> \u2022 <a href=\"https:\/\/www.iabeurope.eu\/cookies-faq\/internet-cookies---increasing-and-enhancing-yourinternet-surfing-experience\/what-are-cookies-how-do-they-work---cookies-faq.aspx\" rel=\"nofollow noopener\" target=\"_blank\">https:\/\/www.iabeurope.eu\/cookies-faq\/internet-cookies---increasing-and-enhancing-yourinternet-surfing-experience\/what-are-cookies-how-do-they-work---cookies-faq.aspx<\/a> \u2022 <a href=\"https:\/\/www.guardian.co.uk\/info\/cookies\" rel=\"nofollow noopener\" target=\"_blank\">https:\/\/www.guardian.co.uk\/info\/cookies<\/a><\/p>\t\t\t\t\t\t<\/div>\n\t\t\t\t\t<\/div>\n\t\t\t\t\t\t\t<\/div>\n\t\t\t\t\t\t<\/div>\n\t\t\t\t<\/div>\n\t\t\t\t\t<\/div>\n\t\t<\/div>\n\t\t\t\t\t<\/div>\n\t\t<\/section>\n\t\t\t\t<\/div>\n\t\t","protected":false},"excerpt":{"rendered":"<p>I. \u00c1ltal\u00e1nos felhaszn\u00e1l\u00e1si felt\u00e9telek II. \u00c1ltal\u00e1nos \u00e9rt\u00e9kes\u00edt\u00e9si felt\u00e9telek: megrendel\u00e9sek, sz\u00e1ll\u00edt\u00e1sok, kifizet\u00e9sek stb. III. Szem\u00e9lyes adatok v\u00e9delme IV. Cookiek (s\u00fctik) haszn\u00e1lat\u00e1nak szab\u00e1lyzata \u00a0 1. V\u00c9GLEGES ELEMEK Az \u00e1ltal\u00e1nos szerz\u0151d\u00e9si felt\u00e9telek az ELECTRICSUN SRL \u00e1ltal a vev\u0151nek www.ElectricSun.de virtu\u00e1lis \u00e1ruh\u00e1zon kereszt\u00fcl t\u00f6rt\u00e9n\u0151 minden \u00e1ru- \u00e9s szolg\u00e1ltat\u00e1s\u00e9rt\u00e9kes\u00edt\u00e9sre vonatkoznak, \u00e9s csak mindk\u00e9t f\u00e9l kifejezett \u00edr\u00e1sbeli hozz\u00e1j\u00e1rul\u00e1s\u00e1val m\u00f3dos\u00edthat\u00f3k. \u00cdgy a [&hellip;]<\/p>\n","protected":false},"author":1,"featured_media":0,"parent":0,"menu_order":0,"comment_status":"closed","ping_status":"closed","template":"","meta":{"footnotes":""},"class_list":["post-20909","page","type-page","status-publish","hentry"],"_links":{"self":[{"href":"https:\/\/electricsun.de\/hu\/wp-json\/wp\/v2\/pages\/20909","targetHints":{"allow":["GET"]}}],"collection":[{"href":"https:\/\/electricsun.de\/hu\/wp-json\/wp\/v2\/pages"}],"about":[{"href":"https:\/\/electricsun.de\/hu\/wp-json\/wp\/v2\/types\/page"}],"author":[{"embeddable":true,"href":"https:\/\/electricsun.de\/hu\/wp-json\/wp\/v2\/users\/1"}],"replies":[{"embeddable":true,"href":"https:\/\/electricsun.de\/hu\/wp-json\/wp\/v2\/comments?post=20909"}],"version-history":[{"count":0,"href":"https:\/\/electricsun.de\/hu\/wp-json\/wp\/v2\/pages\/20909\/revisions"}],"wp:attachment":[{"href":"https:\/\/electricsun.de\/hu\/wp-json\/wp\/v2\/media?parent=20909"}],"curies":[{"name":"wp","href":"https:\/\/api.w.org\/{rel}","templated":true}]}}